{"id":4881,"date":"2020-11-27T12:00:09","date_gmt":"2020-11-27T11:00:09","guid":{"rendered":"https:\/\/strasbourg.eleusal.com\/escuela-de-idiomas\/"},"modified":"2025-10-30T18:21:58","modified_gmt":"2025-10-30T17:21:58","slug":"ecole-despagnol-a-strasbourg","status":"publish","type":"page","link":"https:\/\/strasbourg.eleusal.com\/fr\/","title":{"rendered":"\u00c9cole d&rsquo;espagnol \u00e0 Strasbourg"},"content":{"rendered":"<p>[vc_row css_animation=\u00a0\u00bb\u00a0\u00bb row_type=\u00a0\u00bbrow\u00a0\u00bb use_row_as_full_screen_section=\u00a0\u00bbno\u00a0\u00bb type=\u00a0\u00bbfull_width\u00a0\u00bb angled_section=\u00a0\u00bbno\u00a0\u00bb text_align=\u00a0\u00bbleft\u00a0\u00bb background_image_as_pattern=\u00a0\u00bbwithout_pattern\u00a0\u00bb z_index=\u00a0\u00bb5&Prime; css=\u00a0\u00bb.vc_custom_1559671034940{background-color: #d22020 !important;}\u00a0\u00bb][vc_column css=\u00a0\u00bb.vc_custom_1525095376667{margin-bottom: -3% !important;}\u00a0\u00bb][rev_slider_vc alias=\u00a0\u00bbfrance-home\u00a0\u00bb][qode_elements_holder number_of_columns=\u00a0\u00bbone_column\u00a0\u00bb][qode_elements_holder_item advanced_animations=\u00a0\u00bbno\u00a0\u00bb item_padding=\u00a0\u00bb46px 0 0 0&Prime; item_padding_1280_1440=\u00a0\u00bb29px 0 0 0&Prime; item_padding_1024_1280=\u00a0\u00bb29px 0 0 0&Prime; item_padding_768_1024=\u00a0\u00bb20px 0 0 0&Prime; item_padding_600_768=\u00a0\u00bb13px 0 0 0&Prime; item_padding_480_600=\u00a0\u00bb0 0 0 0&Prime; item_padding_480=\u00a0\u00bb0 0 0 0&Prime;][\/qode_elements_holder_item][\/qode_elements_holder][\/vc_column][\/vc_row][vc_row css_animation=\u00a0\u00bb\u00a0\u00bb row_type=\u00a0\u00bbrow\u00a0\u00bb use_row_as_full_screen_section=\u00a0\u00bbno\u00a0\u00bb type=\u00a0\u00bbgrid\u00a0\u00bb angled_section=\u00a0\u00bbno\u00a0\u00bb text_align=\u00a0\u00bbleft\u00a0\u00bb background_image_as_pattern=\u00a0\u00bbwithout_pattern\u00a0\u00bb css=\u00a0\u00bb.vc_custom_1605799283178{padding-top: 80px !important;padding-bottom: 75px !important;}\u00a0\u00bb z_index=\u00a0\u00bb\u00a0\u00bb background_color=\u00a0\u00bb#ffffff\u00a0\u00bb el_class=\u00a0\u00bbhome-fila-bienvenido\u00a0\u00bb][vc_column width=\u00a0\u00bb4\/12&Prime;][vc_single_image image=\u00a0\u00bb4382&Prime; img_size=\u00a0\u00bbfull\u00a0\u00bb qode_css_animation=\u00a0\u00bb\u00a0\u00bb el_class=\u00a0\u00bbimagen-bienvenidos\u00a0\u00bb el_id=\u00a0\u00bbescuela de espa\u00f1ol\u00a0\u00bb][\/vc_column][vc_column width=\u00a0\u00bb8\/12&Prime;][vc_column_text el_class=\u00a0\u00bbLas Escuelas de Lengua Espa\u00f1ola de la UNIVERSIDAD DE SALAMANCA\u00a0\u00bb]<\/p>\n<h1 class=\"my-2 [&amp;+p]:mt-4 [&amp;_strong:has(+br)]:inline-block [&amp;_strong:has(+br)]:pb-2\" style=\"text-align: center\">Cours d&rsquo;espagnol \u00e0 Strasbourg \u2013 \u00c9cole certifi\u00e9e Qualiopi<\/h1>\n<p>[\/vc_column_text][vc_empty_space height=\u00a0\u00bb30px\u00a0\u00bb][vc_empty_space height=\u00a0\u00bb30px\u00a0\u00bb][vc_column_text el_class=\u00a0\u00bbLas Escuelas de Lengua Espa\u00f1ola de la UNIVERSIDAD DE SALAMANCA\u00a0\u00bb]<\/p>\n<p class=\"my-2 [&amp;+p]:mt-4 [&amp;_strong:has(+br)]:inline-block [&amp;_strong:has(+br)]:pb-2\">Vous cherchez des\u00a0<strong>cours d&rsquo;espagnol \u00e0 Strasbourg<\/strong>\u00a0de qualit\u00e9 ? Bienvenue \u00e0\u00a0<strong>ELE USAL Strasbourg<\/strong>, votre \u00e9cole d&rsquo;espagnol certifi\u00e9e\u00a0<strong><a class=\"reset interactable cursor-pointer decoration-1 underline-offset-1 text-super hover:underline font-semibold\" href=\"https:\/\/travail-emploi.gouv.fr\/formation-professionnelle\/acteurs-cadre-et-qualite-de-la-formation-professionnelle\/article\/qualiopi-marque-de-certification-qualite-des-prestataires-de-formation\" target=\"_blank\" rel=\"nofollow noopener\"><span class=\"text-box-trim-both\">Qualiopi<\/span><\/a><\/strong>\u00a0! Nous proposons des formations d&rsquo;espagnol adapt\u00e9es \u00e0 tous les niveaux, du d\u00e9butant (A1) \u00e0 l&rsquo;avanc\u00e9 (C2), avec la certification de l&rsquo;<a href=\"https:\/\/www.eleusal.com\" target=\"_blank\" rel=\"noopener\"><strong>Universit\u00e9 de Salamanque (USAL)<\/strong><\/a>.<\/p>\n<p>&nbsp;<\/p>\n<h3 class=\"mb-2 mt-4 font-display font-semimedium text-base first:mt-0\">Pourquoi choisir nos cours d&rsquo;espagnol \u00e0 Strasbourg ?<\/h3>\n<p>&nbsp;<\/p>\n<p class=\"my-2 [&amp;+p]:mt-4 [&amp;_strong:has(+br)]:inline-block [&amp;_strong:has(+br)]:pb-2\">Fond\u00e9e en 1218, l&rsquo;<strong><span class=\"text-box-trim-both\">Universit\u00e9 de Salamanque<\/span>\u00a0<\/strong>est une institution prestigieuse reconnue mondialement pour l&rsquo;enseignement de l&rsquo;espagnol langue \u00e9trang\u00e8re. Nous combinons cette expertise historique avec des\u00a0<strong>m\u00e9thodes modernes d&rsquo;enseignement<\/strong>\u00a0pour offrir une exp\u00e9rience d&rsquo;apprentissage optimale.<\/p>\n<p>&nbsp;<\/p>\n<h4 class=\"mb-2 mt-4 font-display font-semimedium text-base first:mt-0\">Nos atouts<\/h4>\n<p>&nbsp;<\/p>\n<p class=\"my-2 [&amp;+p]:mt-4 [&amp;_strong:has(+br)]:inline-block [&amp;_strong:has(+br)]:pb-2\">\u2705\u00a0<strong>Centre d&rsquo;examen officiel\u00a0<a class=\"reset interactable cursor-pointer decoration-1 underline-offset-1 text-super hover:underline font-semibold\" href=\"http:\/\/dele.cervantes.es\/\" target=\"_blank\" rel=\"nofollow noopener\"><span class=\"text-box-trim-both\">DELE<\/span><\/a>\u00a0et\u00a0<a class=\"reset interactable cursor-pointer decoration-1 underline-offset-1 text-super hover:underline font-semibold\" href=\"https:\/\/siele.org\/\" target=\"_blank\" rel=\"nofollow noopener\"><span class=\"text-box-trim-both\">SIELE<\/span><\/a><\/strong> \u2013 Passez vos examens directement chez nous.<\/p>\n<p>&nbsp;<\/p>\n<p class=\"my-2 [&amp;+p]:mt-4 [&amp;_strong:has(+br)]:inline-block [&amp;_strong:has(+br)]:pb-2\">\u2705\u00a0<strong>Organisme certifi\u00e9\u00a0<a class=\"reset interactable cursor-pointer decoration-1 underline-offset-1 text-super hover:underline font-semibold\" href=\"https:\/\/travail-emploi.gouv.fr\/formation-professionnelle\/acteurs-cadre-et-qualite-de-la-formation-professionnelle\/article\/qualiopi-marque-de-certification-qualite-des-prestataires-de-formation\" target=\"_blank\" rel=\"nofollow noopener\"><span class=\"text-box-trim-both\">Qualiopi<\/span><\/a><\/strong> \u2013 Qualit\u00e9 reconnue par l&rsquo;\u00c9tat (NDA : 42 67 05560 67).<\/p>\n<p>&nbsp;<\/p>\n<p class=\"my-2 [&amp;+p]:mt-4 [&amp;_strong:has(+br)]:inline-block [&amp;_strong:has(+br)]:pb-2\">\u2705\u00a0<strong>Formation \u00e9ligible CPF<\/strong> \u2013 Utilisez vos droits \u00e0 la formation pour apprendre l&rsquo;espagnol.<\/p>\n<p>&nbsp;<\/p>\n<p class=\"my-2 [&amp;+p]:mt-4 [&amp;_strong:has(+br)]:inline-block [&amp;_strong:has(+br)]:pb-2\">\u2705\u00a0<strong>Professeurs dipl\u00f4m\u00e9s<\/strong> \u2013 Dipl\u00f4m\u00e9s et exp\u00e9riment\u00e9s<\/p>\n<p>&nbsp;<\/p>\n<p class=\"my-2 [&amp;+p]:mt-4 [&amp;_strong:has(+br)]:inline-block [&amp;_strong:has(+br)]:pb-2\">\u2705\u00a0<strong>M\u00e9thode communicative<\/strong> \u2013 Progressez rapidement \u00e0 l&rsquo;oral et \u00e0 l&rsquo;\u00e9crit.<\/p>\n<p>&nbsp;<\/p>\n<p class=\"my-2 [&amp;+p]:mt-4 [&amp;_strong:has(+br)]:inline-block [&amp;_strong:has(+br)]:pb-2\">\u2705\u00a0<strong>Groupes r\u00e9duits<\/strong> \u2013 Maximum 8 personnes pour une attention personnalis\u00e9e.<\/p>\n<p>&nbsp;<\/p>\n<p>&nbsp;<\/p>\n<p><a href=\"https:\/\/strasbourg.eleusal.com\/wp-content\/uploads\/sites\/29\/2024\/10\/Cours-espagnol-Strasbourg-Certification-Qualiopi-DELE-et-SIELE-1.jpg\" target=\"_blank\" rel=\"noopener noreferrer\"><img loading=\"lazy\" decoding=\"async\" class=\"aligncenter wp-image-13323 size-full\" title=\"Cours-espagnol-Strasbourg-Certification-Qualiopi-DELE-et-SIELE\" src=\"https:\/\/strasbourg.eleusal.com\/wp-content\/uploads\/sites\/29\/2024\/10\/Cours-espagnol-Strasbourg-Certification-Qualiopi-DELE-et-SIELE-1.jpg\" alt=\"Cours-espagnol-Strasbourg-Certification-Qualiopi-DELE-et-SIELE\" width=\"990\" height=\"175\" srcset=\"https:\/\/strasbourg.eleusal.com\/wp-content\/uploads\/sites\/29\/2024\/10\/Cours-espagnol-Strasbourg-Certification-Qualiopi-DELE-et-SIELE-1.jpg 990w, https:\/\/strasbourg.eleusal.com\/wp-content\/uploads\/sites\/29\/2024\/10\/Cours-espagnol-Strasbourg-Certification-Qualiopi-DELE-et-SIELE-1-300x53.jpg 300w, https:\/\/strasbourg.eleusal.com\/wp-content\/uploads\/sites\/29\/2024\/10\/Cours-espagnol-Strasbourg-Certification-Qualiopi-DELE-et-SIELE-1-768x136.jpg 768w, https:\/\/strasbourg.eleusal.com\/wp-content\/uploads\/sites\/29\/2024\/10\/Cours-espagnol-Strasbourg-Certification-Qualiopi-DELE-et-SIELE-1-700x124.jpg 700w, https:\/\/strasbourg.eleusal.com\/wp-content\/uploads\/sites\/29\/2024\/10\/Cours-espagnol-Strasbourg-Certification-Qualiopi-DELE-et-SIELE-1-600x106.jpg 600w\" sizes=\"auto, (max-width: 990px) 100vw, 990px\" \/><\/a>[\/vc_column_text][\/vc_column][vc_column][vc_empty_space height=\u00a0\u00bb40px\u00a0\u00bb][vc_row_inner row_type=\u00a0\u00bbrow\u00a0\u00bb type=\u00a0\u00bbfull_width\u00a0\u00bb text_align=\u00a0\u00bbcenter\u00a0\u00bb css_animation=\u00a0\u00bb\u00a0\u00bb][vc_column_inner]\n\n\t<a href=\"https:\/\/strasbourg.eleusal.com\/fr\/test-de-niveau-despagnol\/\" target=\"_blank\" style=\"color: #ffffff;background-color: #d32d2d;font-family: Work Sans;font-size: 16px;font-weight: 600;margin: 40px 0px 0px 0px\" class=\"qode-btn qode-btn-medium qode-btn-solid qode-btn-custom-hover-bg qode-btn-custom-hover-color boton-rojo qode-btn-default-hover\" data-hover-bg-color=\"#0a0a0a\" data-hover-color=\"#ffffff\" >\n\t    <span class=\"qode-btn-text\">\ud83c\udfaf Testez votre niveau gratuitement<\/span>\t<\/a>\n\n[\/vc_column_inner][\/vc_row_inner][vc_empty_space height=\u00a0\u00bb40px\u00a0\u00bb][vc_row_inner row_type=\u00a0\u00bbrow\u00a0\u00bb type=\u00a0\u00bbfull_width\u00a0\u00bb text_align=\u00a0\u00bbleft\u00a0\u00bb css_animation=\u00a0\u00bb\u00a0\u00bb css=\u00a0\u00bb.vc_custom_1604313220377{margin-top: 45px !important;margin-bottom: 15px !important;}\u00a0\u00bb][vc_column_inner width=\u00a0\u00bb1\/3&Prime;]<div class=\"q_counter_holder  center boxed_counter\" style=\"border-color:#d32d2d;\"><span class=\"counter  zero\" style=\"color: #d32d2d;font-size: 30px;font-weight: 700 Bold;\">800<\/span><p class=\"counter_text\" style=\"font-size: 16px;font-weight: 500 Medium;text-transform: lowercase;color: #d32d2d;\">ans d'exp\u00e9rience<\/p><\/div>[\/vc_column_inner][vc_column_inner width=\u00a0\u00bb1\/3&Prime;]<div class=\"q_counter_holder  center boxed_counter\" style=\"border-color:#d32d2d;\"><span class=\"counter  zero\" style=\"color: #d32d2d;font-size: 30px;font-weight: 700 Bold;\">96<\/span><p class=\"counter_text\" style=\"font-size: 16px;font-weight: 500 Medium;text-transform: lowercase;color: #d32d2d;\">% de satisfaction<\/p><\/div>[\/vc_column_inner][vc_column_inner width=\u00a0\u00bb1\/3&Prime;]<div class=\"q_counter_holder  center boxed_counter\" style=\"border-color:#d32d2d;\"><span class=\"counter  zero\" style=\"color: #d32d2d;font-size: 30px;font-weight: 700 Bold;\">100<\/span><p class=\"counter_text\" style=\"font-size: 16px;font-weight: 500 Medium;text-transform: lowercase;color: #d32d2d;\">% de r\u00e9ussite au DELE<\/p><\/div>[\/vc_column_inner][\/vc_row_inner][vc_empty_space height=\u00a0\u00bb10px\u00a0\u00bb][vc_row_inner row_type=\u00a0\u00bbrow\u00a0\u00bb type=\u00a0\u00bbfull_width\u00a0\u00bb text_align=\u00a0\u00bbcenter\u00a0\u00bb css_animation=\u00a0\u00bb\u00a0\u00bb css=\u00a0\u00bb.vc_custom_1713440550277{margin-top: 45px !important;margin-bottom: 15px !important;}\u00a0\u00bb][vc_column_inner]\n\n\t<a href=\"https:\/\/strasbourg.eleusal.com\/wp-content\/uploads\/sites\/29\/2025\/10\/certificat-qualiopi-institut-de-langue-espagnole.pdf\" target=\"_blank\" style=\"color: #ffffff;background-color: #d32d2d;font-family: Work Sans;font-size: 16px;font-weight: 600;margin: 40px 0px 0px 0px\" class=\"qode-btn qode-btn-medium qode-btn-solid qode-btn-custom-hover-bg qode-btn-custom-hover-color boton-rojo qode-btn-default-hover\" data-hover-bg-color=\"#0a0a0a\" data-hover-color=\"#ffffff\" >\n\t    <span class=\"qode-btn-text\">\ud83c\udfc6 Voir le certificat Qualiopi<\/span>\t<\/a>\n\n[vc_empty_space height=\u00a0\u00bb10px\u00a0\u00bb]\n\n\t<a href=\"https:\/\/strasbourg.eleusal.com\/fr\/personnes-en-situation-de-handicap\/\" target=\"_blank\" style=\"color: #ffffff;background-color: #d32d2d;font-family: Work Sans;font-size: 16px;font-weight: 600;margin: 0px 0px 0px 0px\" class=\"qode-btn qode-btn-medium qode-btn-solid qode-btn-custom-hover-bg qode-btn-custom-hover-color boton-rojo qode-btn-default-hover\" data-hover-bg-color=\"#0a0a0a\" data-hover-color=\"#ffffff\" >\n\t    <span class=\"qode-btn-text\">Personnes en situation de handicap<\/span>\t<\/a>\n\n[\/vc_column_inner][\/vc_row_inner][vc_empty_space height=\u00a0\u00bb10px\u00a0\u00bb][\/vc_column][\/vc_row][vc_row css_animation=\u00a0\u00bb\u00a0\u00bb row_type=\u00a0\u00bbrow\u00a0\u00bb use_row_as_full_screen_section=\u00a0\u00bbno\u00a0\u00bb type=\u00a0\u00bbgrid\u00a0\u00bb angled_section=\u00a0\u00bbno\u00a0\u00bb text_align=\u00a0\u00bbcenter\u00a0\u00bb background_image_as_pattern=\u00a0\u00bbwithout_pattern\u00a0\u00bb padding_bottom=\u00a0\u00bb39&Prime; css=\u00a0\u00bb.vc_custom_1675678743031{padding-top: 80px !important;padding-bottom: 80px !important;background-color: #d22020 !important;background-position: 0 0 !important;background-repeat: no-repeat !important;}\u00a0\u00bb z_index=\u00a0\u00bb4&Prime; el_class=\u00a0\u00bbhome-cursos\u00a0\u00bb anchor=\u00a0\u00bbcursos\u00a0\u00bb el_id=\u00a0\u00bbcursos\u00a0\u00bb][vc_column][vc_column_text]<\/p>\n<div class=\"wpb_text_column wpb_content_element\">\n<div class=\"wpb_wrapper\">\n<h2 id=\"tw-target-text\" class=\"tw-data-text tw-text-large tw-ta\" style=\"text-align: center\" data-placeholder=\"Traducci\u00f3n\"><span style=\"color: #ffffff\">NOS COURS D\u2019ESPAGNOL \u00c0 STRASBOURG<\/span><\/h2>\n<\/div>\n<\/div>\n<p>[\/vc_column_text][vc_empty_space height=\u00a0\u00bb62px\u00a0\u00bb]<div class=\"qode-course-slider-holder\"><div class=\"qode-course-list-holder qode-cl-gallery qode-large-space qode-cl-three-columns qode-cl-standard qode-cl-pag-no-pagination     qode-pag-below-slider\"  data-number-of-columns=\"3\" data-space-between-items=\"large\" data-number-of-items=\"9\" data-enable-image=\"yes\" data-image-proportions=\"large\" data-orderby=\"id\" data-order=\"DESC\" data-item-layout=\"standard\" data-enable-title=\"yes\" data-title-tag=\"h5\" data-enable-instructor=\"yes\" data-enable-price=\"yes\" data-enable-excerpt=\"no\" data-excerpt-length=\"20\" data-enable-students=\"yes\" data-enable-category=\"yes\" data-pagination-type=\"no-pagination\" data-filter=\"no\" data-enable-article-animation=\"no\" data-course-slider-on=\"yes\" data-enable-loop=\"no\" data-enable-autoplay=\"yes\" data-slider-speed=\"5000\" data-slider-speed-animation=\"600\" data-enable-navigation=\"yes\" data-enable-pagination=\"yes\" data-pagination-position=\"below-slider\" data-widget=\"no\" data-max-num-pages=\"2\" data-next-page=\"2\">\n\t\t<div class=\"qode-cl-inner qode-outer-space qode-owl-slider qode-pl-is-slider clearfix\">\n\t\t<article class=\"qode-cl-item qode-item-space post-15636 course type-course status-publish has-post-thumbnail hentry\"  data-name=cours-d&rsquo;espagnol-c1-\u2013-ma\u00eetrise data-date=>\n\t<div class=\"qode-cl-item-inner\">\n\t\t<div class=\"qode-cli-image\">\n\t\t\t<img loading=\"lazy\" decoding=\"async\" width=\"1024\" height=\"427\" src=\"https:\/\/strasbourg.eleusal.com\/wp-content\/uploads\/sites\/29\/2025\/07\/Cours-despagnol-a\u0300-Strasbourg-C1-Mai\u0302trise.png\" class=\"attachment-large size-large wp-post-image\" alt=\"Cours d&#039;espagnol a\u0300 Strasbourg C1 Mai\u0302trise\" \/>\t<\/div>\n<div class=\"qode-cli-text-holder\">\n\t<div class=\"qode-cli-text-wrapper\">\n\t\t<div class=\"qode-cli-text\">\n\t\t\t<div class=\"qode-cli-top-info\">\n\t\t\t\t<div class=\"qode-ci-price-holder\">\n\t\t\t<span class=\"qode-ci-price-value\">\n          500\u20ac      <\/span>\n\t<\/div>\n\n\t\t\t\t\t<h5 itemprop=\"name\" class=\"qode-cli-title entry-title\" >\n\t<a itemprop=\"url\" href=\"https:\/\/strasbourg.eleusal.com\/fr\/course\/cours-espagnol-c1-strasbourg\/\" target=\"_self\">\n\t\tCours d&rsquo;espagnol C1 \u2013 Ma\u00eetrise\t<\/a>\n\t<\/h5>\n\t\t\t\t\t\t\n\t\t\t\t<a itemprop=\"url\" href=\"https:\/\/strasbourg.eleusal.com\/fr\/course\/cours-espagnol-c1-strasbourg\/\" target=\"_self\">\n    <span class=\"qode-instructor-name\">\n       Cours d&rsquo;espagnol C1 \u2013 Ma\u00eetrise    <\/span>\n<\/a>\n\t\t\t\n\t\t\t<\/div>\n\t\t\t\t\t\t<div class=\"qode-cli-bottom-info\">\n\t\t\t\t\t\t<div class=\"qode-cli-category-holder\">\n\t\t\t<span aria-hidden=\"true\" class=\"qode-category-icon\"><\/span>\n\t\t\t\t\t\t\t<a itemprop=\"url\" class=\"qode-cli-category\" href=\"https:\/\/strasbourg.eleusal.com\/fr\/course-category\/cours-despagnol\/?tutor-course-filter-category=653\">Cours d&#039;espagnol<\/a>\n\t\t\t\t\t<\/div>\n\t\t\t\t\t\n\t\t\t\t<div class=\"qode-students-number-holder\">\n\t<span aria-hidden=\"true\" class=\"dripicons-user qode-student-icon\"><\/span>\n\t<span class=\"qode-student-number\">\n        <\/span>\n<\/div>\n\t\t\t<\/div>\n\t\t<\/div>\n\t<\/div>\n<\/div>\t\t<a itemprop=\"url\" class=\"qode-cli-link qode-block-drag-link\" href=\"https:\/\/strasbourg.eleusal.com\/fr\/course\/cours-espagnol-c1-strasbourg\/\" target=\"_self\"><\/a>\n\t<\/div>\n<\/article><article class=\"qode-cl-item qode-item-space post-5802 course type-course status-publish has-post-thumbnail hentry\"  data-name=cours-d\u2019espagnol-&#8211;-coll\u00e8ge-et-lyc\u00e9e data-date=>\n\t<div class=\"qode-cl-item-inner\">\n\t\t<div class=\"qode-cli-image\">\n\t\t\t<img loading=\"lazy\" decoding=\"async\" width=\"1024\" height=\"427\" src=\"https:\/\/strasbourg.eleusal.com\/wp-content\/uploads\/sites\/29\/2023\/02\/Cours-despagnol-colle\u0300ge-et-lyce\u0301e-1024x427.jpeg\" class=\"attachment-large size-large wp-post-image\" alt=\"Cours d&#039;espagnol colle\u0300ge et lyce\u0301e\" srcset=\"https:\/\/strasbourg.eleusal.com\/wp-content\/uploads\/sites\/29\/2023\/02\/Cours-despagnol-colle\u0300ge-et-lyce\u0301e-1024x427.jpeg 1024w, https:\/\/strasbourg.eleusal.com\/wp-content\/uploads\/sites\/29\/2023\/02\/Cours-despagnol-colle\u0300ge-et-lyce\u0301e-300x125.jpeg 300w, https:\/\/strasbourg.eleusal.com\/wp-content\/uploads\/sites\/29\/2023\/02\/Cours-despagnol-colle\u0300ge-et-lyce\u0301e-768x320.jpeg 768w, https:\/\/strasbourg.eleusal.com\/wp-content\/uploads\/sites\/29\/2023\/02\/Cours-despagnol-colle\u0300ge-et-lyce\u0301e-700x292.jpeg 700w, https:\/\/strasbourg.eleusal.com\/wp-content\/uploads\/sites\/29\/2023\/02\/Cours-despagnol-colle\u0300ge-et-lyce\u0301e-600x250.jpeg 600w, https:\/\/strasbourg.eleusal.com\/wp-content\/uploads\/sites\/29\/2023\/02\/Cours-despagnol-colle\u0300ge-et-lyce\u0301e.jpeg 1200w\" sizes=\"auto, (max-width: 1024px) 100vw, 1024px\" \/>\t<\/div>\n<div class=\"qode-cli-text-holder\">\n\t<div class=\"qode-cli-text-wrapper\">\n\t\t<div class=\"qode-cli-text\">\n\t\t\t<div class=\"qode-cli-top-info\">\n\t\t\t\t<div class=\"qode-ci-price-holder\">\n\t\t\t<span class=\"qode-ci-price-value\">\n          300\u20ac      <\/span>\n\t<\/div>\n\n\t\t\t\t\t<h5 itemprop=\"name\" class=\"qode-cli-title entry-title\" >\n\t<a itemprop=\"url\" href=\"https:\/\/strasbourg.eleusal.com\/fr\/course\/cours-despagnol-college-lycee\/\" target=\"_self\">\n\t\tCours d\u2019espagnol &#8211; Coll\u00e8ge et Lyc\u00e9e\t<\/a>\n\t<\/h5>\n\t\t\t\t\t\t\n\t\t\t\t<a itemprop=\"url\" href=\"https:\/\/strasbourg.eleusal.com\/fr\/course\/cours-despagnol-college-lycee\/\" target=\"_self\">\n    <span class=\"qode-instructor-name\">\n       Cours d\u2019espagnol &#8211; Coll\u00e8ge et Lyc\u00e9e    <\/span>\n<\/a>\n\t\t\t\n\t\t\t<\/div>\n\t\t\t\t\t\t<div class=\"qode-cli-bottom-info\">\n\t\t\t\t\t\t<div class=\"qode-cli-category-holder\">\n\t\t\t<span aria-hidden=\"true\" class=\"qode-category-icon\"><\/span>\n\t\t\t\t\t\t\t<a itemprop=\"url\" class=\"qode-cli-category\" href=\"https:\/\/strasbourg.eleusal.com\/fr\/course-category\/cours-despagnol\/?tutor-course-filter-category=653\">Cours d&#039;espagnol<\/a>\n\t\t\t\t\t<\/div>\n\t\t\t\t\t\n\t\t\t\t<div class=\"qode-students-number-holder\">\n\t<span aria-hidden=\"true\" class=\"dripicons-user qode-student-icon\"><\/span>\n\t<span class=\"qode-student-number\">\n        <\/span>\n<\/div>\n\t\t\t<\/div>\n\t\t<\/div>\n\t<\/div>\n<\/div>\t\t<a itemprop=\"url\" class=\"qode-cli-link qode-block-drag-link\" href=\"https:\/\/strasbourg.eleusal.com\/fr\/course\/cours-despagnol-college-lycee\/\" target=\"_self\"><\/a>\n\t<\/div>\n<\/article><article class=\"qode-cl-item qode-item-space post-5052 course type-course status-publish has-post-thumbnail hentry\"  data-name=cours-d&rsquo;espagnol-pour-enfants data-date=>\n\t<div class=\"qode-cl-item-inner\">\n\t\t<div class=\"qode-cli-image\">\n\t\t\t<img loading=\"lazy\" decoding=\"async\" width=\"1024\" height=\"427\" src=\"https:\/\/strasbourg.eleusal.com\/wp-content\/uploads\/sites\/29\/2023\/01\/18-1024x427.png\" class=\"attachment-large size-large wp-post-image\" alt=\"Cours d&#039;espagnol pour enfants\" srcset=\"https:\/\/strasbourg.eleusal.com\/wp-content\/uploads\/sites\/29\/2023\/01\/18-1024x427.png 1024w, https:\/\/strasbourg.eleusal.com\/wp-content\/uploads\/sites\/29\/2023\/01\/18-300x125.png 300w, https:\/\/strasbourg.eleusal.com\/wp-content\/uploads\/sites\/29\/2023\/01\/18-768x320.png 768w, https:\/\/strasbourg.eleusal.com\/wp-content\/uploads\/sites\/29\/2023\/01\/18-700x292.png 700w, https:\/\/strasbourg.eleusal.com\/wp-content\/uploads\/sites\/29\/2023\/01\/18-600x250.png 600w, https:\/\/strasbourg.eleusal.com\/wp-content\/uploads\/sites\/29\/2023\/01\/18.png 1200w\" sizes=\"auto, (max-width: 1024px) 100vw, 1024px\" \/>\t<\/div>\n<div class=\"qode-cli-text-holder\">\n\t<div class=\"qode-cli-text-wrapper\">\n\t\t<div class=\"qode-cli-text\">\n\t\t\t<div class=\"qode-cli-top-info\">\n\t\t\t\t<div class=\"qode-ci-price-holder\">\n\t\t\t<span class=\"qode-ci-price-value\">\n          300\u20ac      <\/span>\n\t<\/div>\n\n\t\t\t\t\t<h5 itemprop=\"name\" class=\"qode-cli-title entry-title\" >\n\t<a itemprop=\"url\" href=\"https:\/\/strasbourg.eleusal.com\/fr\/course\/cours-despagnol-pour-enfants\/\" target=\"_self\">\n\t\tCours d&rsquo;espagnol pour enfants\t<\/a>\n\t<\/h5>\n\t\t\t\t\t\t\n\t\t\t\t<a itemprop=\"url\" href=\"https:\/\/strasbourg.eleusal.com\/fr\/course\/cours-despagnol-pour-enfants\/\" target=\"_self\">\n    <span class=\"qode-instructor-name\">\n       Cours d&rsquo;espagnol pour enfants    <\/span>\n<\/a>\n\t\t\t\n\t\t\t<\/div>\n\t\t\t\t\t\t<div class=\"qode-cli-bottom-info\">\n\t\t\t\t\t\t<div class=\"qode-cli-category-holder\">\n\t\t\t<span aria-hidden=\"true\" class=\"qode-category-icon\"><\/span>\n\t\t\t\t\t\t\t<a itemprop=\"url\" class=\"qode-cli-category\" href=\"https:\/\/strasbourg.eleusal.com\/fr\/course-category\/cours-despagnol\/?tutor-course-filter-category=653\">Cours d&#039;espagnol<\/a>\n\t\t\t\t\t<\/div>\n\t\t\t\t\t\n\t\t\t\t<div class=\"qode-students-number-holder\">\n\t<span aria-hidden=\"true\" class=\"dripicons-user qode-student-icon\"><\/span>\n\t<span class=\"qode-student-number\">\n        <\/span>\n<\/div>\n\t\t\t<\/div>\n\t\t<\/div>\n\t<\/div>\n<\/div>\t\t<a itemprop=\"url\" class=\"qode-cli-link qode-block-drag-link\" href=\"https:\/\/strasbourg.eleusal.com\/fr\/course\/cours-despagnol-pour-enfants\/\" target=\"_self\"><\/a>\n\t<\/div>\n<\/article><article class=\"qode-cl-item qode-item-space post-4982 course type-course status-publish has-post-thumbnail hentry\"  data-name=cours-d\u2019espagnol-a1-&#8211;-d\u00e9butants data-date=>\n\t<div class=\"qode-cl-item-inner\">\n\t\t<div class=\"qode-cli-image\">\n\t\t\t<img loading=\"lazy\" decoding=\"async\" width=\"1024\" height=\"427\" src=\"https:\/\/strasbourg.eleusal.com\/wp-content\/uploads\/sites\/29\/2023\/01\/15-1024x427.png\" class=\"attachment-large size-large wp-post-image\" alt=\"\" srcset=\"https:\/\/strasbourg.eleusal.com\/wp-content\/uploads\/sites\/29\/2023\/01\/15-1024x427.png 1024w, https:\/\/strasbourg.eleusal.com\/wp-content\/uploads\/sites\/29\/2023\/01\/15-300x125.png 300w, https:\/\/strasbourg.eleusal.com\/wp-content\/uploads\/sites\/29\/2023\/01\/15-768x320.png 768w, https:\/\/strasbourg.eleusal.com\/wp-content\/uploads\/sites\/29\/2023\/01\/15-700x292.png 700w, https:\/\/strasbourg.eleusal.com\/wp-content\/uploads\/sites\/29\/2023\/01\/15-600x250.png 600w, https:\/\/strasbourg.eleusal.com\/wp-content\/uploads\/sites\/29\/2023\/01\/15.png 1200w\" sizes=\"auto, (max-width: 1024px) 100vw, 1024px\" \/>\t<\/div>\n<div class=\"qode-cli-text-holder\">\n\t<div class=\"qode-cli-text-wrapper\">\n\t\t<div class=\"qode-cli-text\">\n\t\t\t<div class=\"qode-cli-top-info\">\n\t\t\t\t<div class=\"qode-ci-price-holder\">\n\t\t\t<span class=\"qode-ci-price-value\">\n          500\u20ac      <\/span>\n\t<\/div>\n\n\t\t\t\t\t<h5 itemprop=\"name\" class=\"qode-cli-title entry-title\" >\n\t<a itemprop=\"url\" href=\"https:\/\/strasbourg.eleusal.com\/fr\/course\/cours-despagnol-a1-debutants\/\" target=\"_self\">\n\t\tCours d\u2019espagnol A1 &#8211; D\u00e9butants\t<\/a>\n\t<\/h5>\n\t\t\t\t\t\t\n\t\t\t\t<a itemprop=\"url\" href=\"https:\/\/strasbourg.eleusal.com\/fr\/course\/cours-despagnol-a1-debutants\/\" target=\"_self\">\n    <span class=\"qode-instructor-name\">\n       Cours d\u2019espagnol A1 &#8211; D\u00e9butants    <\/span>\n<\/a>\n\t\t\t\n\t\t\t<\/div>\n\t\t\t\t\t\t<div class=\"qode-cli-bottom-info\">\n\t\t\t\t\t\t<div class=\"qode-cli-category-holder\">\n\t\t\t<span aria-hidden=\"true\" class=\"qode-category-icon\"><\/span>\n\t\t\t\t\t\t\t<a itemprop=\"url\" class=\"qode-cli-category\" href=\"https:\/\/strasbourg.eleusal.com\/fr\/course-category\/cours-despagnol\/?tutor-course-filter-category=653\">Cours d&#039;espagnol<\/a>\n\t\t\t\t\t<\/div>\n\t\t\t\t\t\n\t\t\t\t<div class=\"qode-students-number-holder\">\n\t<span aria-hidden=\"true\" class=\"dripicons-user qode-student-icon\"><\/span>\n\t<span class=\"qode-student-number\">\n        <\/span>\n<\/div>\n\t\t\t<\/div>\n\t\t<\/div>\n\t<\/div>\n<\/div>\t\t<a itemprop=\"url\" class=\"qode-cli-link qode-block-drag-link\" href=\"https:\/\/strasbourg.eleusal.com\/fr\/course\/cours-despagnol-a1-debutants\/\" target=\"_self\"><\/a>\n\t<\/div>\n<\/article><article class=\"qode-cl-item qode-item-space post-4920 course type-course status-publish has-post-thumbnail hentry\"  data-name=cours-d&rsquo;espagnol-a2-&#8211;-interm\u00e9diaire data-date=>\n\t<div class=\"qode-cl-item-inner\">\n\t\t<div class=\"qode-cli-image\">\n\t\t\t<img loading=\"lazy\" decoding=\"async\" width=\"1024\" height=\"427\" src=\"https:\/\/strasbourg.eleusal.com\/wp-content\/uploads\/sites\/29\/2023\/01\/12-1024x427.png\" class=\"attachment-large size-large wp-post-image\" alt=\"\" srcset=\"https:\/\/strasbourg.eleusal.com\/wp-content\/uploads\/sites\/29\/2023\/01\/12-1024x427.png 1024w, https:\/\/strasbourg.eleusal.com\/wp-content\/uploads\/sites\/29\/2023\/01\/12-300x125.png 300w, https:\/\/strasbourg.eleusal.com\/wp-content\/uploads\/sites\/29\/2023\/01\/12-768x320.png 768w, https:\/\/strasbourg.eleusal.com\/wp-content\/uploads\/sites\/29\/2023\/01\/12-700x292.png 700w, https:\/\/strasbourg.eleusal.com\/wp-content\/uploads\/sites\/29\/2023\/01\/12-600x250.png 600w, https:\/\/strasbourg.eleusal.com\/wp-content\/uploads\/sites\/29\/2023\/01\/12.png 1200w\" sizes=\"auto, (max-width: 1024px) 100vw, 1024px\" \/>\t<\/div>\n<div class=\"qode-cli-text-holder\">\n\t<div class=\"qode-cli-text-wrapper\">\n\t\t<div class=\"qode-cli-text\">\n\t\t\t<div class=\"qode-cli-top-info\">\n\t\t\t\t<div class=\"qode-ci-price-holder\">\n\t\t\t<span class=\"qode-ci-price-value\">\n          500\u20ac      <\/span>\n\t<\/div>\n\n\t\t\t\t\t<h5 itemprop=\"name\" class=\"qode-cli-title entry-title\" >\n\t<a itemprop=\"url\" href=\"https:\/\/strasbourg.eleusal.com\/fr\/course\/cours-despagnol-a2-intermediaire\/\" target=\"_self\">\n\t\tCours d&rsquo;espagnol A2 &#8211; Interm\u00e9diaire\t<\/a>\n\t<\/h5>\n\t\t\t\t\t\t\n\t\t\t\t<a itemprop=\"url\" href=\"https:\/\/strasbourg.eleusal.com\/fr\/course\/cours-despagnol-a2-intermediaire\/\" target=\"_self\">\n    <span class=\"qode-instructor-name\">\n       Cours d&rsquo;espagnol A2 &#8211; Interm\u00e9diaire    <\/span>\n<\/a>\n\t\t\t\n\t\t\t<\/div>\n\t\t\t\t\t\t<div class=\"qode-cli-bottom-info\">\n\t\t\t\t\t\t<div class=\"qode-cli-category-holder\">\n\t\t\t<span aria-hidden=\"true\" class=\"qode-category-icon\"><\/span>\n\t\t\t\t\t\t\t<a itemprop=\"url\" class=\"qode-cli-category\" href=\"https:\/\/strasbourg.eleusal.com\/fr\/course-category\/cours-despagnol\/?tutor-course-filter-category=653\">Cours d&#039;espagnol<\/a>\n\t\t\t\t\t<\/div>\n\t\t\t\t\t\n\t\t\t\t<div class=\"qode-students-number-holder\">\n\t<span aria-hidden=\"true\" class=\"dripicons-user qode-student-icon\"><\/span>\n\t<span class=\"qode-student-number\">\n        <\/span>\n<\/div>\n\t\t\t<\/div>\n\t\t<\/div>\n\t<\/div>\n<\/div>\t\t<a itemprop=\"url\" class=\"qode-cli-link qode-block-drag-link\" href=\"https:\/\/strasbourg.eleusal.com\/fr\/course\/cours-despagnol-a2-intermediaire\/\" target=\"_self\"><\/a>\n\t<\/div>\n<\/article><article class=\"qode-cl-item qode-item-space post-4756 course type-course status-publish has-post-thumbnail hentry\"  data-name=cours-d&rsquo;espagnol-b1-&#8211;-seuil data-date=>\n\t<div class=\"qode-cl-item-inner\">\n\t\t<div class=\"qode-cli-image\">\n\t\t\t<img loading=\"lazy\" decoding=\"async\" width=\"1024\" height=\"427\" src=\"https:\/\/strasbourg.eleusal.com\/wp-content\/uploads\/sites\/29\/2022\/12\/9-1024x427.png\" class=\"attachment-large size-large wp-post-image\" alt=\"\" srcset=\"https:\/\/strasbourg.eleusal.com\/wp-content\/uploads\/sites\/29\/2022\/12\/9-1024x427.png 1024w, https:\/\/strasbourg.eleusal.com\/wp-content\/uploads\/sites\/29\/2022\/12\/9-300x125.png 300w, https:\/\/strasbourg.eleusal.com\/wp-content\/uploads\/sites\/29\/2022\/12\/9-768x320.png 768w, https:\/\/strasbourg.eleusal.com\/wp-content\/uploads\/sites\/29\/2022\/12\/9-700x292.png 700w, https:\/\/strasbourg.eleusal.com\/wp-content\/uploads\/sites\/29\/2022\/12\/9-600x250.png 600w, https:\/\/strasbourg.eleusal.com\/wp-content\/uploads\/sites\/29\/2022\/12\/9.png 1200w\" sizes=\"auto, (max-width: 1024px) 100vw, 1024px\" \/>\t<\/div>\n<div class=\"qode-cli-text-holder\">\n\t<div class=\"qode-cli-text-wrapper\">\n\t\t<div class=\"qode-cli-text\">\n\t\t\t<div class=\"qode-cli-top-info\">\n\t\t\t\t<div class=\"qode-ci-price-holder\">\n\t\t\t<span class=\"qode-ci-price-value\">\n          500\u20ac      <\/span>\n\t<\/div>\n\n\t\t\t\t\t<h5 itemprop=\"name\" class=\"qode-cli-title entry-title\" >\n\t<a itemprop=\"url\" href=\"https:\/\/strasbourg.eleusal.com\/fr\/course\/cours-despagnol-b1-seuil\/\" target=\"_self\">\n\t\tCours d&rsquo;espagnol B1 &#8211; Seuil\t<\/a>\n\t<\/h5>\n\t\t\t\t\t\t\n\t\t\t\t<a itemprop=\"url\" href=\"https:\/\/strasbourg.eleusal.com\/fr\/course\/cours-despagnol-b1-seuil\/\" target=\"_self\">\n    <span class=\"qode-instructor-name\">\n       Cours d&rsquo;espagnol B1 &#8211; Seuil    <\/span>\n<\/a>\n\t\t\t\n\t\t\t<\/div>\n\t\t\t\t\t\t<div class=\"qode-cli-bottom-info\">\n\t\t\t\t\t\t<div class=\"qode-cli-category-holder\">\n\t\t\t<span aria-hidden=\"true\" class=\"qode-category-icon\"><\/span>\n\t\t\t\t\t\t\t<a itemprop=\"url\" class=\"qode-cli-category\" href=\"https:\/\/strasbourg.eleusal.com\/fr\/course-category\/cours-despagnol\/?tutor-course-filter-category=653\">Cours d&#039;espagnol<\/a>\n\t\t\t\t\t<\/div>\n\t\t\t\t\t\n\t\t\t\t<div class=\"qode-students-number-holder\">\n\t<span aria-hidden=\"true\" class=\"dripicons-user qode-student-icon\"><\/span>\n\t<span class=\"qode-student-number\">\n        <\/span>\n<\/div>\n\t\t\t<\/div>\n\t\t<\/div>\n\t<\/div>\n<\/div>\t\t<a itemprop=\"url\" class=\"qode-cli-link qode-block-drag-link\" href=\"https:\/\/strasbourg.eleusal.com\/fr\/course\/cours-despagnol-b1-seuil\/\" target=\"_self\"><\/a>\n\t<\/div>\n<\/article><article class=\"qode-cl-item qode-item-space post-4707 course type-course status-publish has-post-thumbnail hentry\"  data-name=cours-d&rsquo;espagnol-b2-&#8211;-avanc\u00e9 data-date=>\n\t<div class=\"qode-cl-item-inner\">\n\t\t<div class=\"qode-cli-image\">\n\t\t\t<img loading=\"lazy\" decoding=\"async\" width=\"1024\" height=\"427\" src=\"https:\/\/strasbourg.eleusal.com\/wp-content\/uploads\/sites\/29\/2022\/12\/6-1024x427.png\" class=\"attachment-large size-large wp-post-image\" alt=\"\" srcset=\"https:\/\/strasbourg.eleusal.com\/wp-content\/uploads\/sites\/29\/2022\/12\/6-1024x427.png 1024w, https:\/\/strasbourg.eleusal.com\/wp-content\/uploads\/sites\/29\/2022\/12\/6-300x125.png 300w, https:\/\/strasbourg.eleusal.com\/wp-content\/uploads\/sites\/29\/2022\/12\/6-768x320.png 768w, https:\/\/strasbourg.eleusal.com\/wp-content\/uploads\/sites\/29\/2022\/12\/6-700x292.png 700w, https:\/\/strasbourg.eleusal.com\/wp-content\/uploads\/sites\/29\/2022\/12\/6-600x250.png 600w, https:\/\/strasbourg.eleusal.com\/wp-content\/uploads\/sites\/29\/2022\/12\/6.png 1200w\" sizes=\"auto, (max-width: 1024px) 100vw, 1024px\" \/>\t<\/div>\n<div class=\"qode-cli-text-holder\">\n\t<div class=\"qode-cli-text-wrapper\">\n\t\t<div class=\"qode-cli-text\">\n\t\t\t<div class=\"qode-cli-top-info\">\n\t\t\t\t<div class=\"qode-ci-price-holder\">\n\t\t\t<span class=\"qode-ci-price-value\">\n          500\u20ac      <\/span>\n\t<\/div>\n\n\t\t\t\t\t<h5 itemprop=\"name\" class=\"qode-cli-title entry-title\" >\n\t<a itemprop=\"url\" href=\"https:\/\/strasbourg.eleusal.com\/fr\/course\/cours-despagnol-niveau-b2-avance\/\" target=\"_self\">\n\t\tCours d&rsquo;espagnol B2 &#8211; Avanc\u00e9\t<\/a>\n\t<\/h5>\n\t\t\t\t\t\t\n\t\t\t\t<a itemprop=\"url\" href=\"https:\/\/strasbourg.eleusal.com\/fr\/course\/cours-despagnol-niveau-b2-avance\/\" target=\"_self\">\n    <span class=\"qode-instructor-name\">\n       Cours d&rsquo;espagnol B2 &#8211; Avanc\u00e9    <\/span>\n<\/a>\n\t\t\t\n\t\t\t<\/div>\n\t\t\t\t\t\t<div class=\"qode-cli-bottom-info\">\n\t\t\t\t\t\t<div class=\"qode-cli-category-holder\">\n\t\t\t<span aria-hidden=\"true\" class=\"qode-category-icon\"><\/span>\n\t\t\t\t\t\t\t<a itemprop=\"url\" class=\"qode-cli-category\" href=\"https:\/\/strasbourg.eleusal.com\/fr\/course-category\/cours-despagnol\/?tutor-course-filter-category=653\">Cours d&#039;espagnol<\/a>\n\t\t\t\t\t<\/div>\n\t\t\t\t\t\n\t\t\t\t<div class=\"qode-students-number-holder\">\n\t<span aria-hidden=\"true\" class=\"dripicons-user qode-student-icon\"><\/span>\n\t<span class=\"qode-student-number\">\n        <\/span>\n<\/div>\n\t\t\t<\/div>\n\t\t<\/div>\n\t<\/div>\n<\/div>\t\t<a itemprop=\"url\" class=\"qode-cli-link qode-block-drag-link\" href=\"https:\/\/strasbourg.eleusal.com\/fr\/course\/cours-despagnol-niveau-b2-avance\/\" target=\"_self\"><\/a>\n\t<\/div>\n<\/article><article class=\"qode-cl-item qode-item-space post-4520 course type-course status-publish has-post-thumbnail hentry\"  data-name=cours-d&rsquo;espagnol-\u00e0-strasbourg-&#8211;-tous-les-niveaux-(a1-\u00e0-c2) data-date=>\n\t<div class=\"qode-cl-item-inner\">\n\t\t<div class=\"qode-cli-image\">\n\t\t\t<img loading=\"lazy\" decoding=\"async\" width=\"1024\" height=\"427\" src=\"https:\/\/strasbourg.eleusal.com\/wp-content\/uploads\/sites\/29\/2022\/12\/3-1024x427.png\" class=\"attachment-large size-large wp-post-image\" alt=\"\" srcset=\"https:\/\/strasbourg.eleusal.com\/wp-content\/uploads\/sites\/29\/2022\/12\/3-1024x427.png 1024w, https:\/\/strasbourg.eleusal.com\/wp-content\/uploads\/sites\/29\/2022\/12\/3-300x125.png 300w, https:\/\/strasbourg.eleusal.com\/wp-content\/uploads\/sites\/29\/2022\/12\/3-768x320.png 768w, https:\/\/strasbourg.eleusal.com\/wp-content\/uploads\/sites\/29\/2022\/12\/3-700x292.png 700w, https:\/\/strasbourg.eleusal.com\/wp-content\/uploads\/sites\/29\/2022\/12\/3-600x250.png 600w, https:\/\/strasbourg.eleusal.com\/wp-content\/uploads\/sites\/29\/2022\/12\/3.png 1200w\" sizes=\"auto, (max-width: 1024px) 100vw, 1024px\" \/>\t<\/div>\n<div class=\"qode-cli-text-holder\">\n\t<div class=\"qode-cli-text-wrapper\">\n\t\t<div class=\"qode-cli-text\">\n\t\t\t<div class=\"qode-cli-top-info\">\n\t\t\t\t<div class=\"qode-ci-price-holder\">\n\t\t\t<span class=\"qode-ci-price-value\">\n          500\u20ac      <\/span>\n\t<\/div>\n\n\t\t\t\t\t<h5 itemprop=\"name\" class=\"qode-cli-title entry-title\" >\n\t<a itemprop=\"url\" href=\"https:\/\/strasbourg.eleusal.com\/fr\/course\/cours-espagnol-strasbourg\/\" target=\"_self\">\n\t\tCours d&rsquo;espagnol \u00e0 Strasbourg &#8211; Tous les niveaux (A1 \u00e0 C2)\t<\/a>\n\t<\/h5>\n\t\t\t\t\t\t\n\t\t\t\t<a itemprop=\"url\" href=\"https:\/\/strasbourg.eleusal.com\/fr\/course\/cours-espagnol-strasbourg\/\" target=\"_self\">\n    <span class=\"qode-instructor-name\">\n       Cours d&rsquo;espagnol \u00e0 Strasbourg &#8211; Tous les niveaux (A1 \u00e0 C2)    <\/span>\n<\/a>\n\t\t\t\n\t\t\t<\/div>\n\t\t\t\t\t\t<div class=\"qode-cli-bottom-info\">\n\t\t\t\t\t\t<div class=\"qode-cli-category-holder\">\n\t\t\t<span aria-hidden=\"true\" class=\"qode-category-icon\"><\/span>\n\t\t\t\t\t\t\t<a itemprop=\"url\" class=\"qode-cli-category\" href=\"https:\/\/strasbourg.eleusal.com\/fr\/course-category\/cours-despagnol\/?tutor-course-filter-category=653\">Cours d&#039;espagnol<\/a>\n\t\t\t\t\t<\/div>\n\t\t\t\t\t\n\t\t\t\t<div class=\"qode-students-number-holder\">\n\t<span aria-hidden=\"true\" class=\"dripicons-user qode-student-icon\"><\/span>\n\t<span class=\"qode-student-number\">\n        <\/span>\n<\/div>\n\t\t\t<\/div>\n\t\t<\/div>\n\t<\/div>\n<\/div>\t\t<a itemprop=\"url\" class=\"qode-cli-link qode-block-drag-link\" href=\"https:\/\/strasbourg.eleusal.com\/fr\/course\/cours-espagnol-strasbourg\/\" target=\"_self\"><\/a>\n\t<\/div>\n<\/article><article class=\"qode-cl-item qode-item-space post-4505 course type-course status-publish has-post-thumbnail hentry\"  data-name=cours-d&rsquo;espagnol-pour-entreprises data-date=>\n\t<div class=\"qode-cl-item-inner\">\n\t\t<div class=\"qode-cli-image\">\n\t\t\t<img loading=\"lazy\" decoding=\"async\" width=\"1024\" height=\"427\" src=\"https:\/\/strasbourg.eleusal.com\/wp-content\/uploads\/sites\/29\/2022\/12\/24-1024x427.png\" class=\"attachment-large size-large wp-post-image\" alt=\"\" srcset=\"https:\/\/strasbourg.eleusal.com\/wp-content\/uploads\/sites\/29\/2022\/12\/24-1024x427.png 1024w, https:\/\/strasbourg.eleusal.com\/wp-content\/uploads\/sites\/29\/2022\/12\/24-300x125.png 300w, https:\/\/strasbourg.eleusal.com\/wp-content\/uploads\/sites\/29\/2022\/12\/24-768x320.png 768w, https:\/\/strasbourg.eleusal.com\/wp-content\/uploads\/sites\/29\/2022\/12\/24-700x292.png 700w, https:\/\/strasbourg.eleusal.com\/wp-content\/uploads\/sites\/29\/2022\/12\/24-600x250.png 600w, https:\/\/strasbourg.eleusal.com\/wp-content\/uploads\/sites\/29\/2022\/12\/24.png 1200w\" sizes=\"auto, (max-width: 1024px) 100vw, 1024px\" \/>\t<\/div>\n<div class=\"qode-cli-text-holder\">\n\t<div class=\"qode-cli-text-wrapper\">\n\t\t<div class=\"qode-cli-text\">\n\t\t\t<div class=\"qode-cli-top-info\">\n\t\t\t\t<div class=\"qode-ci-price-holder\">\n\t\t\t<span class=\"qode-ci-price-value\">\n          0      <\/span>\n\t<\/div>\n\n\t\t\t\t\t<h5 itemprop=\"name\" class=\"qode-cli-title entry-title\" >\n\t<a itemprop=\"url\" href=\"https:\/\/strasbourg.eleusal.com\/fr\/course\/cours-despagnol-pour-entreprises\/\" target=\"_self\">\n\t\tCours d&rsquo;espagnol pour entreprises\t<\/a>\n\t<\/h5>\n\t\t\t\t\t\t\n\t\t\t\t<a itemprop=\"url\" href=\"https:\/\/strasbourg.eleusal.com\/fr\/course\/cours-despagnol-pour-entreprises\/\" target=\"_self\">\n    <span class=\"qode-instructor-name\">\n       Cours d&rsquo;espagnol pour entreprises    <\/span>\n<\/a>\n\t\t\t\n\t\t\t<\/div>\n\t\t\t\t\t\t<div class=\"qode-cli-bottom-info\">\n\t\t\t\t\t\t<div class=\"qode-cli-category-holder\">\n\t\t\t<span aria-hidden=\"true\" class=\"qode-category-icon\"><\/span>\n\t\t\t\t\t\t\t<a itemprop=\"url\" class=\"qode-cli-category\" href=\"https:\/\/strasbourg.eleusal.com\/fr\/course-category\/cours-despagnol\/?tutor-course-filter-category=653\">Cours d&#039;espagnol<\/a>\n\t\t\t\t\t<\/div>\n\t\t\t\t\t\n\t\t\t\t<div class=\"qode-students-number-holder\">\n\t<span aria-hidden=\"true\" class=\"dripicons-user qode-student-icon\"><\/span>\n\t<span class=\"qode-student-number\">\n        <\/span>\n<\/div>\n\t\t\t<\/div>\n\t\t<\/div>\n\t<\/div>\n<\/div>\t\t<a itemprop=\"url\" class=\"qode-cli-link qode-block-drag-link\" href=\"https:\/\/strasbourg.eleusal.com\/fr\/course\/cours-despagnol-pour-entreprises\/\" target=\"_self\"><\/a>\n\t<\/div>\n<\/article>\t<\/div>\n\t\n\t<\/div><\/div>[vc_empty_space height=\u00a0\u00bb62px\u00a0\u00bb]\n\n\t<a href=\"https:\/\/strasbourg.eleusal.com\/fr\/cours-despagnol\/\" target=\"_self\" style=\"color: #d32d2d;background-color: #ffffff;font-family: Work Sans;font-size: 16px;font-weight: 600;margin: 0px 0px 0px 0px\" class=\"qode-btn qode-btn-medium qode-btn-solid qode-btn-custom-hover-bg qode-btn-custom-hover-color boton-rojo centrado qode-btn-default-hover\" data-hover-bg-color=\"#0a0a0a\" data-hover-color=\"#ffffff\" >\n\t    <span class=\"qode-btn-text\">Voir tous les cours<\/span>\t<\/a>\n\n[\/vc_column][\/vc_row][vc_row css_animation=\u00a0\u00bb\u00a0\u00bb row_type=\u00a0\u00bbrow\u00a0\u00bb use_row_as_full_screen_section=\u00a0\u00bbno\u00a0\u00bb type=\u00a0\u00bbfull_width\u00a0\u00bb angled_section=\u00a0\u00bbno\u00a0\u00bb text_align=\u00a0\u00bbcenter\u00a0\u00bb background_image_as_pattern=\u00a0\u00bbwithout_pattern\u00a0\u00bb z_index=\u00a0\u00bb\u00a0\u00bb el_class=\u00a0\u00bbfila-testimonios-home\u00a0\u00bb background_color=\u00a0\u00bb#ffffff\u00a0\u00bb][vc_column][vc_column_text]<\/p>\n<h2 id=\"tw-target-text\" class=\"tw-data-text tw-text-large tw-ta\" style=\"text-align: center\" data-placeholder=\"Traducci\u00f3n\">Nos \u00e9tudiants nous recommandent<\/h2>\n<h2 class=\"tw-data-text tw-text-large tw-ta\" style=\"text-align: center\" data-placeholder=\"Traducci\u00f3n\">\u2b50\u2b50\u2b50\u2b50\u2b50<\/h2>\n<p>[\/vc_column_text]<div class='testimonials_c_holder clearfix dark'><div class=\"testimonials_c testimonials_c_carousel\" data-show-navigation=\"yes\" data-animation-speed=\"600\" data-auto-rotate-slides=\"5\" data-number-per-slide=\"1\"><ul class=\"slides\"><li id=\"testimonials-c-8773\" class=\"testimonial_content\"><div class=\"testimonial_content_inner\"><div class=\"testimonial_image_holder\"><img decoding=\"async\" src=\"\" \/><\/div><div class=\"testimonial_title_holder\"><h5>Je suis plus que ravie de cette exp\u00e9rience<\/h5><\/div><div class=\"testimonial_rating_holder\"><span class=\"testimonial_star_holder\"><span class=\"icon_star\"><\/span><\/span><span class=\"testimonial_star_holder\"><span class=\"icon_star\"><\/span><\/span><span class=\"testimonial_star_holder\"><span class=\"icon_star\"><\/span><\/span><span class=\"testimonial_star_holder\"><span class=\"icon_star\"><\/span><\/span><span class=\"testimonial_star_holder\"><span class=\"icon_star\"><\/span><\/span><\/div><div class=\"testimonial_text_holder\"><div class=\"testimonial_text_inner\" style=\"color: #1f2937;\"><p style='font-size:16pxpx;color:#1f2937;'>J'ai pris des cours pendant deux mois au sein de l'\u00e9cole. Je suis plus que ravie de cette exp\u00e9rience, les cours \u00e9taient parfaitement adapt\u00e9s \u00e0 mes objectifs et j'ai pu beaucoup progresser. De plus, ceux-ci sont ludiques et on ne voit pas le temps passer. Merci \u00e0 Diana, ma prof, qui a \u00e9t\u00e9 incroyablement gentille, patiente et \u00e0 l'\u00e9coute de mes besoins.<\/p><p class=\"testimonial_author\" style=\"color: #1f2937;font-weight: 700;color: #d32d2d;font-size: 14pxpx;\">Karin S<\/p><\/div><\/div><\/div><\/li><li id=\"testimonials-c-5219\" class=\"testimonial_content\"><div class=\"testimonial_content_inner\"><div class=\"testimonial_image_holder\"><img decoding=\"async\" src=\"\" \/><\/div><div class=\"testimonial_title_holder\"><h5>Genuino e innovativo<\/h5><\/div><div class=\"testimonial_rating_holder\"><span class=\"testimonial_star_holder\"><span class=\"icon_star\"><\/span><\/span><span class=\"testimonial_star_holder\"><span class=\"icon_star\"><\/span><\/span><span class=\"testimonial_star_holder\"><span class=\"icon_star\"><\/span><\/span><span class=\"testimonial_star_holder\"><span class=\"icon_star\"><\/span><\/span><span class=\"testimonial_star_holder\"><span class=\"icon_star\"><\/span><\/span><\/div><div class=\"testimonial_text_holder\"><div class=\"testimonial_text_inner\" style=\"color: #1f2937;\"><p style='font-size:16pxpx;color:#1f2937;'>\"Gracias al curso internacional, genuino e innovativo de Formaci\u00f3n de Profesores de ELE, pude profundizar temas esenciales al momento de ense\u00f1ar una lengua extranjera: la multi- e interculturalidad, la interacci\u00f3n en clase, el di\u00e1logo y la estima del error. Cada docente me proporcion\u00f3 material de valor para poder crear mis propias clases de manera clara, aut\u00e9ntica e interactiva. De hecho, la competencia digital, para nombrar una de las riquezas de este curso, fue algo fundamental para actualizarme y adaptarme a la nueva did\u00e1ctica en l\u00ednea. Estoy muy satisfecha de esta formaci\u00f3n porque me permiti\u00f3 aprender much\u00edsimo sobre la cultura hispana. \u00bfELE USAL Estrasburgo? \u00a1Un verdadero valor a\u00f1adido a mi carrera! Hasta pronto :)\"<\/p><p class=\"testimonial_author\" style=\"color: #1f2937;font-weight: 700;color: #d32d2d;font-size: 14pxpx;\">Martina (Argentina)<\/p><\/div><\/div><\/div><\/li><li id=\"testimonials-c-8766\" class=\"testimonial_content\"><div class=\"testimonial_content_inner\"><div class=\"testimonial_image_holder\"><img decoding=\"async\" src=\"\" \/><\/div><div class=\"testimonial_title_holder\"><h5>Foncez, vous ne trouverez pas mieux pour apprendre l\u2019espagnol !<\/h5><\/div><div class=\"testimonial_text_holder\"><div class=\"testimonial_text_inner\" style=\"color: #1f2937;\"><p style='font-size:16pxpx;color:#1f2937;'>Une \u00e9cole de langue d\u00e9di\u00e9e toute enti\u00e8re \u00e0 la langue et la culture espagnole avec des professeurs natifs, situ\u00e9e au c\u0153ur de Strasbourg\u2026vous prendrez bien un peu de soleil ? Foncez, vous ne trouverez pas mieux pour apprendre l\u2019espagnol !<\/p><p class=\"testimonial_author\" style=\"color: #1f2937;font-weight: 700;color: #d32d2d;font-size: 14pxpx;\">Claire FANTINI<\/p><\/div><\/div><\/div><\/li><li id=\"testimonials-c-13337\" class=\"testimonial_content\"><div class=\"testimonial_content_inner\"><div class=\"testimonial_image_holder\"><img decoding=\"async\" src=\"\" \/><\/div><div class=\"testimonial_title_holder\"><h5>Super exp\u00e9rience<\/h5><\/div><div class=\"testimonial_rating_holder\"><span class=\"testimonial_star_holder\"><span class=\"icon_star\"><\/span><\/span><span class=\"testimonial_star_holder\"><span class=\"icon_star\"><\/span><\/span><span class=\"testimonial_star_holder\"><span class=\"icon_star\"><\/span><\/span><span class=\"testimonial_star_holder\"><span class=\"icon_star\"><\/span><\/span><span class=\"testimonial_star_holder\"><span class=\"icon_star\"><\/span><\/span><\/div><div class=\"testimonial_text_holder\"><div class=\"testimonial_text_inner\" style=\"color: #1f2937;\"><p style='font-size:16pxpx;color:#1f2937;'>Super exp\u00e9rience\r\nSuper enseignants\r\nSuper ambiance<\/p><p class=\"testimonial_author\" style=\"color: #1f2937;font-weight: 700;color: #d32d2d;font-size: 14pxpx;\">Dany Muller<\/p><\/div><\/div><\/div><\/li><li id=\"testimonials-c-5225\" class=\"testimonial_content\"><div class=\"testimonial_content_inner\"><div class=\"testimonial_image_holder\"><img decoding=\"async\" src=\"\" \/><\/div><div class=\"testimonial_title_holder\"><h5>Recorrido intercultural y s\u00faper enriquecedor<\/h5><\/div><div class=\"testimonial_rating_holder\"><span class=\"testimonial_star_holder\"><span class=\"icon_star\"><\/span><\/span><span class=\"testimonial_star_holder\"><span class=\"icon_star\"><\/span><\/span><span class=\"testimonial_star_holder\"><span class=\"icon_star\"><\/span><\/span><span class=\"testimonial_star_holder\"><span class=\"icon_star\"><\/span><\/span><span class=\"testimonial_star_holder\"><span class=\"icon_star\"><\/span><\/span><\/div><div class=\"testimonial_text_holder\"><div class=\"testimonial_text_inner\" style=\"color: #1f2937;\"><p style='font-size:16pxpx;color:#1f2937;'>\"Me llamo Fiammetta, vengo de Italia y me gustar\u00eda llegar a ser profesora de ELE. Todav\u00eda estoy estudiando en la Universidad de Bolonia, pero quise hacer el Curso de Formaci\u00f3n para Profesores de ELE para profundizar mis conocimientos y adquirir m\u00e1s competencias\u2026 \u00a1no pod\u00eda tomar mejor decisi\u00f3n! L@s profesor@s son excelentes y el programa est\u00e1 muy bien estructurado; adem\u00e1s de una experiencia muy formativa, fue un recorrido intercultural y s\u00faper enriquecedor, \u00a1\u00a1lo recomiendo!!\"<\/p><p class=\"testimonial_author\" style=\"color: #1f2937;font-weight: 700;color: #d32d2d;font-size: 14pxpx;\">Fiammetta (Italia)<\/p><\/div><\/div><\/div><\/li><li id=\"testimonials-c-8768\" class=\"testimonial_content\"><div class=\"testimonial_content_inner\"><div class=\"testimonial_image_holder\"><img decoding=\"async\" src=\"\" \/><\/div><div class=\"testimonial_title_holder\"><h5>Je vous conseille cet \u00e9cole les yeux ferm\u00e9s<\/h5><\/div><div class=\"testimonial_rating_holder\"><span class=\"testimonial_star_holder\"><span class=\"icon_star\"><\/span><\/span><span class=\"testimonial_star_holder\"><span class=\"icon_star\"><\/span><\/span><span class=\"testimonial_star_holder\"><span class=\"icon_star\"><\/span><\/span><span class=\"testimonial_star_holder\"><span class=\"icon_star\"><\/span><\/span><span class=\"testimonial_star_holder\"><span class=\"icon_star\"><\/span><\/span><\/div><div class=\"testimonial_text_holder\"><div class=\"testimonial_text_inner\" style=\"color: #1f2937;\"><p style='font-size:16pxpx;color:#1f2937;'>Top \u00e9cole pour apprendre l\u2019espagnol \u00e0 Strasbourg avec des profs espagnols ! Les petites groupes permettent de parler beaucoup, \u00e9changer les id\u00e9es, apprendre la culture hispano etc.  J\u2019ai fait les courses avec Diana et Juan et les deux sont au top ! Je vous conseille cet \u00e9cole les yeux ferm\u00e9s. Muchas gracias por todo y hasta pronto !<\/p><p class=\"testimonial_author\" style=\"color: #1f2937;font-weight: 700;color: #d32d2d;font-size: 14pxpx;\">Mirjam Kurent<\/p><\/div><\/div><\/div><\/li><li id=\"testimonials-c-13340\" class=\"testimonial_content\"><div class=\"testimonial_content_inner\"><div class=\"testimonial_image_holder\"><img decoding=\"async\" src=\"\" \/><\/div><div class=\"testimonial_title_holder\"><h5>Des cours tr\u00e8s agr\u00e9ables<\/h5><\/div><div class=\"testimonial_rating_holder\"><span class=\"testimonial_star_holder\"><span class=\"icon_star\"><\/span><\/span><span class=\"testimonial_star_holder\"><span class=\"icon_star\"><\/span><\/span><span class=\"testimonial_star_holder\"><span class=\"icon_star\"><\/span><\/span><span class=\"testimonial_star_holder\"><span class=\"icon_star\"><\/span><\/span><span class=\"testimonial_star_holder\"><span class=\"icon_star\"><\/span><\/span><\/div><div class=\"testimonial_text_holder\"><div class=\"testimonial_text_inner\" style=\"color: #1f2937;\"><p style='font-size:16pxpx;color:#1f2937;'>Des cours tr\u00e8s agr\u00e9ables dispens\u00e9s par des locuteurs natifs patients et qui se distinguent dans l'art de savoir susciter les prises de parole. Belle alternance de moments grammaticaux, d'explorations culturelles, et de d\u00e9bats. Je ne me lasse pas et ne peux que les remercier pour tous les progr\u00e8s accomplis!<\/p><p class=\"testimonial_author\" style=\"color: #1f2937;font-weight: 700;color: #d32d2d;font-size: 14pxpx;\">Damien Reinhardt<\/p><\/div><\/div><\/div><\/li><li id=\"testimonials-c-5215\" class=\"testimonial_content\"><div class=\"testimonial_content_inner\"><div class=\"testimonial_image_holder\"><img decoding=\"async\" src=\"\" \/><\/div><div class=\"testimonial_title_holder\"><h5>Super\u00f3 mis expectativas<\/h5><\/div><div class=\"testimonial_rating_holder\"><span class=\"testimonial_star_holder\"><span class=\"icon_star\"><\/span><\/span><span class=\"testimonial_star_holder\"><span class=\"icon_star\"><\/span><\/span><span class=\"testimonial_star_holder\"><span class=\"icon_star\"><\/span><\/span><span class=\"testimonial_star_holder\"><span class=\"icon_star\"><\/span><\/span><span class=\"testimonial_star_holder\"><span class=\"icon_star\"><\/span><\/span><\/div><div class=\"testimonial_text_holder\"><div class=\"testimonial_text_inner\" style=\"color: #1f2937;\"><p style='font-size:16pxpx;color:#1f2937;'>\"La formaci\u00f3n de profesores de ELE en la Escuela de la Universidad de Salamanca en Estrasburgo super\u00f3 mis expectativas. Me brind\u00f3 herramientas concretas e invaluables para formalizar, estructurar y dar direcci\u00f3n clara a mi trabajo como profesor de espa\u00f1ol lengua extranjera para acompa\u00f1ar eficazmente a mis alumnos en el desarrollo de las diversas destrezas comunicativas.\"<\/p><p class=\"testimonial_author\" style=\"color: #1f2937;font-weight: 700;color: #d32d2d;font-size: 14pxpx;\">J. Cruz (M\u00e9xico)<\/p><\/div><\/div><\/div><\/li><li id=\"testimonials-c-8777\" class=\"testimonial_content\"><div class=\"testimonial_content_inner\"><div class=\"testimonial_image_holder\"><img decoding=\"async\" src=\"\" \/><\/div><div class=\"testimonial_title_holder\"><h5>Super<\/h5><\/div><div class=\"testimonial_text_holder\"><div class=\"testimonial_text_inner\" style=\"color: #1f2937;\"><p style='font-size:16pxpx;color:#1f2937;'>Super \u00e9quipe, dynamique et motiv\u00e9e!<\/p><p class=\"testimonial_author\" style=\"color: #1f2937;font-weight: 700;color: #d32d2d;font-size: 14pxpx;\">Cyril Chauvel<\/p><\/div><\/div><\/div><\/li><li id=\"testimonials-c-8771\" class=\"testimonial_content\"><div class=\"testimonial_content_inner\"><div class=\"testimonial_image_holder\"><img decoding=\"async\" src=\"\" \/><\/div><div class=\"testimonial_title_holder\"><h5>Ils m&rsquo;ont accompagn\u00e9 du debut \u00e0 la fin avec beaucoup d&rsquo;attention et de gentillesse<\/h5><\/div><div class=\"testimonial_rating_holder\"><span class=\"testimonial_star_holder\"><span class=\"icon_star\"><\/span><\/span><span class=\"testimonial_star_holder\"><span class=\"icon_star\"><\/span><\/span><span class=\"testimonial_star_holder\"><span class=\"icon_star\"><\/span><\/span><span class=\"testimonial_star_holder\"><span class=\"icon_star\"><\/span><\/span><span class=\"testimonial_star_holder\"><span class=\"icon_star\"><\/span><\/span><\/div><div class=\"testimonial_text_holder\"><div class=\"testimonial_text_inner\" style=\"color: #1f2937;\"><p style='font-size:16pxpx;color:#1f2937;'>J'ai contact\u00e9 l'\u00e9quipe de ELE USAL pour valider un SIELE niveau B1.\r\nIls m'ont accompagn\u00e9 du debut \u00e0 la fin avec beaucoup d'attention et de gentillesse.\r\nJ'ai d'abord suivi des cours puis ils m'ont aid\u00e9 \u00e0 faire toutes les d\u00e9marches pour m'inscrire et passer l'examen en ligne.\r\nMerci beaucoup \u00e0 toute l'\u00e9quipe pour leur soutien qui m'a permis de valider un B1 !<\/p><p class=\"testimonial_author\" style=\"color: #1f2937;font-weight: 700;color: #d32d2d;font-size: 14pxpx;\">Emmanuelle Schifano<\/p><\/div><\/div><\/div><\/li><li id=\"testimonials-c-5227\" class=\"testimonial_content\"><div class=\"testimonial_content_inner\"><div class=\"testimonial_image_holder\"><img decoding=\"async\" src=\"\" \/><\/div><div class=\"testimonial_title_holder\"><h5>El curso cumpli\u00f3 y hasta super\u00f3 mis expectativas<\/h5><\/div><div class=\"testimonial_rating_holder\"><span class=\"testimonial_star_holder\"><span class=\"icon_star\"><\/span><\/span><span class=\"testimonial_star_holder\"><span class=\"icon_star\"><\/span><\/span><span class=\"testimonial_star_holder\"><span class=\"icon_star\"><\/span><\/span><span class=\"testimonial_star_holder\"><span class=\"icon_star\"><\/span><\/span><span class=\"testimonial_star_holder\"><span class=\"icon_star\"><\/span><\/span><\/div><div class=\"testimonial_text_holder\"><div class=\"testimonial_text_inner\" style=\"color: #1f2937;\"><p style='font-size:16pxpx;color:#1f2937;'>\"Tom\u00e9 el curso de Formaci\u00f3n de Profesores de ELE con buenas expectativas, ya que anteriormente hab\u00eda tomado otro curso de la misma universidad y qued\u00e9 muy satisfecho. Felizmente, el curso cumpli\u00f3 y hasta super\u00f3 mis expectativas, por lo que siento que he invertido muy bien mi tiempo en esta formaci\u00f3n. Ahora me encuentro postulando a un diplomado en mi pa\u00eds sobre el mismo tema y siento que entrar\u00e9 con una muy buena base. \u00a1Muchas gracias a todos los\/as profesores\/as que se esforzaron por entregarnos la mejor formaci\u00f3n posible!\"<\/p><p class=\"testimonial_author\" style=\"color: #1f2937;font-weight: 700;color: #d32d2d;font-size: 14pxpx;\">Hern\u00e1n Alexis (Chile)<\/p><\/div><\/div><\/div><\/li><li id=\"testimonials-c-13339\" class=\"testimonial_content\"><div class=\"testimonial_content_inner\"><div class=\"testimonial_image_holder\"><img decoding=\"async\" src=\"\" \/><\/div><div class=\"testimonial_title_holder\"><h5>Je recommande vivement !<\/h5><\/div><div class=\"testimonial_rating_holder\"><span class=\"testimonial_star_holder\"><span class=\"icon_star\"><\/span><\/span><span class=\"testimonial_star_holder\"><span class=\"icon_star\"><\/span><\/span><span class=\"testimonial_star_holder\"><span class=\"icon_star\"><\/span><\/span><span class=\"testimonial_star_holder\"><span class=\"icon_star\"><\/span><\/span><span class=\"testimonial_star_holder\"><span class=\"icon_star\"><\/span><\/span><\/div><div class=\"testimonial_text_holder\"><div class=\"testimonial_text_inner\" style=\"color: #1f2937;\"><p style='font-size:16pxpx;color:#1f2937;'>J\u2019avais besoin d\u2019apprendre l\u2019espagnol pour me d\u00e9m\u00e9nager \u00e0 l\u2019Espagne. Depuis un pair de le\u00e7ons individuelle avec Diana, j\u2019ai rejoint un petit groupe, qui m\u2019a permis d\u2019apprendre la langue et la culture espagnole en un ambiance tr\u00e8s sympathique, sans effort et sans s'ennuyer. Aussi, Diana et Juan m\u2019ont accompagn\u00e9e dans le d\u00e9m\u00e9nagement, avec beaucoup de conseil et me donnant la possibilit\u00e9 de terminer le cours en ligne avec le m\u00eame groupe. J\u2019ai trouv\u00e9 des enseignantes, mais aussi une famille que je ne vais jamais oublier !\r\nJe recommande vivement !<\/p><p class=\"testimonial_author\" style=\"color: #1f2937;font-weight: 700;color: #d32d2d;font-size: 14pxpx;\">Sara Gullace<\/p><\/div><\/div><\/div><\/li><li id=\"testimonials-c-8772\" class=\"testimonial_content\"><div class=\"testimonial_content_inner\"><div class=\"testimonial_image_holder\"><img decoding=\"async\" src=\"\" \/><\/div><div class=\"testimonial_title_holder\"><h5>Exp\u00e9rience tr\u00e8s satisfaisante<\/h5><\/div><div class=\"testimonial_rating_holder\"><span class=\"testimonial_star_holder\"><span class=\"icon_star\"><\/span><\/span><span class=\"testimonial_star_holder\"><span class=\"icon_star\"><\/span><\/span><span class=\"testimonial_star_holder\"><span class=\"icon_star\"><\/span><\/span><span class=\"testimonial_star_holder\"><span class=\"icon_star\"><\/span><\/span><span class=\"testimonial_star_holder\"><span class=\"icon_star\"><\/span><\/span><\/div><div class=\"testimonial_text_holder\"><div class=\"testimonial_text_inner\" style=\"color: #1f2937;\"><p style='font-size:16pxpx;color:#1f2937;'>Exp\u00e9rience tr\u00e8s satisfaisante. Les professeurs sont natifs Espagnols, et parlent \u00e9galement le fran\u00e7ais. Ils ont donc une parfaite compr\u00e9hension des difficult\u00e9s qui peuvent se pr\u00e9senter pour un francophone dans l'apprentissage de l'espagnol et adaptent leurs cours. Les classes de conversation sont probablement les plus enrichissantes pour apprendre en contexte. L'ambiance est sympa et les progr\u00e8s sont rapides.<\/p><p class=\"testimonial_author\" style=\"color: #1f2937;font-weight: 700;color: #d32d2d;font-size: 14pxpx;\">Marie Gerhardy<\/p><\/div><\/div><\/div><\/li><li id=\"testimonials-c-13335\" class=\"testimonial_content\"><div class=\"testimonial_content_inner\"><div class=\"testimonial_image_holder\"><img decoding=\"async\" src=\"\" \/><\/div><div class=\"testimonial_title_holder\"><h5>Un bel \u00e9tablissement avec une belle qualit\u00e9 de travail<\/h5><\/div><div class=\"testimonial_rating_holder\"><span class=\"testimonial_star_holder\"><span class=\"icon_star\"><\/span><\/span><span class=\"testimonial_star_holder\"><span class=\"icon_star\"><\/span><\/span><span class=\"testimonial_star_holder\"><span class=\"icon_star\"><\/span><\/span><span class=\"testimonial_star_holder\"><span class=\"icon_star\"><\/span><\/span><span class=\"testimonial_star_holder\"><span class=\"icon_star\"><\/span><\/span><\/div><div class=\"testimonial_text_holder\"><div class=\"testimonial_text_inner\" style=\"color: #1f2937;\"><p style='font-size:16pxpx;color:#1f2937;'>Un bel \u00e9tablissement avec une belle qualit\u00e9 de travail.  Les professeurs sont d\u00e9vou\u00e9s<\/p><p class=\"testimonial_author\" style=\"color: #1f2937;font-weight: 700;color: #d32d2d;font-size: 14pxpx;\">Carly Benson<\/p><\/div><\/div><\/div><\/li><li id=\"testimonials-c-8770\" class=\"testimonial_content\"><div class=\"testimonial_content_inner\"><div class=\"testimonial_image_holder\"><img decoding=\"async\" src=\"\" \/><\/div><div class=\"testimonial_title_holder\"><h5>Certificat B2 en espagnol obtenu !<\/h5><\/div><div class=\"testimonial_rating_holder\"><span class=\"testimonial_star_holder\"><span class=\"icon_star\"><\/span><\/span><span class=\"testimonial_star_holder\"><span class=\"icon_star\"><\/span><\/span><span class=\"testimonial_star_holder\"><span class=\"icon_star\"><\/span><\/span><span class=\"testimonial_star_holder\"><span class=\"icon_star\"><\/span><\/span><span class=\"testimonial_star_holder\"><span class=\"icon_star\"><\/span><\/span><\/div><div class=\"testimonial_text_holder\"><div class=\"testimonial_text_inner\" style=\"color: #1f2937;\"><p style='font-size:16pxpx;color:#1f2937;'>Certificat B2 en espagnol obtenu !\r\nParti de z\u00e9ro, sans connaissance de l'espagnol, j'ai rapidement progress\u00e9: 2 cours par semaine, professeurs  natifs espagnol\/latino (merci Stefania et Juan !), une super ambiance, des exercices pratiques et une m\u00e9thode imbattable pour r\u00e9ussir!\r\nCours pris en charge avec cpf\/employeur...\r\nMuchas gracias por todo!<\/p><p class=\"testimonial_author\" style=\"color: #1f2937;font-weight: 700;color: #d32d2d;font-size: 14pxpx;\">Yoh Marcel<\/p><\/div><\/div><\/div><\/li><\/ul><\/div><\/div>[\/vc_column][\/vc_row][vc_row css_animation=\u00a0\u00bb\u00a0\u00bb row_type=\u00a0\u00bbrow\u00a0\u00bb use_row_as_full_screen_section=\u00a0\u00bbno\u00a0\u00bb type=\u00a0\u00bbgrid\u00a0\u00bb angled_section=\u00a0\u00bbno\u00a0\u00bb text_align=\u00a0\u00bbleft\u00a0\u00bb background_image_as_pattern=\u00a0\u00bbwithout_pattern\u00a0\u00bb padding_top=\u00a0\u00bb10&Prime; padding_bottom=\u00a0\u00bb10&Prime; z_index=\u00a0\u00bb\u00a0\u00bb css=\u00a0\u00bb.vc_custom_1675685930637{padding-top: 60px !important;padding-bottom: 60px !important;background-color: #d22020 !important;background-position: center !important;background-repeat: no-repeat !important;background-size: cover !important;}\u00a0\u00bb background_color=\u00a0\u00bb#d22020&Prime; el_class=\u00a0\u00bbhome-cta\u00a0\u00bb][vc_column width=\u00a0\u00bb6\/12&Prime;][vc_column_text]<\/p>\n<h2 style=\"color: #ffffff\"><span class=\"Y2IQFc\" lang=\"fr\">D\u00e9couvrez quel cours correspond le mieux \u00e0 vos besoins<\/span><\/h2>\n<p>[\/vc_column_text][vc_empty_space height=\u00a0\u00bb20px\u00a0\u00bb][vc_column_text css=\u00a0\u00bb.vc_custom_1761843269592{margin-top: 20px !important;}\u00a0\u00bb]<\/p>\n<h4 style=\"color: #ffffff\">Qu&rsquo;est-ce que vous attendez ? Passez votre test de <span class=\"BxUVEf ILfuVd\" lang=\"fr\"><span class=\"hgKElc\">positionnement<\/span><\/span><\/h4>\n<p>[\/vc_column_text][\/vc_column][vc_column width=\u00a0\u00bb2\/12&Prime;][\/vc_column][vc_column width=\u00a0\u00bb4\/12&Prime;]\n\n\t<a href=\"https:\/\/docs.google.com\/forms\/d\/e\/1FAIpQLSeoZs0LzvNsa5GaH8zdzsQRc5lgLm4yDe36J_iOwZJWPW5myQ\/viewform\" target=\"_blank\" style=\"color: #d32d2d;background-color: #ffffff;font-family: Work Sans;font-size: 25px;font-weight: 600;margin: 40px 0px 0px 0px\" class=\"qode-btn qode-btn-medium qode-btn-solid qode-btn-custom-hover-bg qode-btn-custom-hover-color boton-rojo centrado qode-btn-default-hover\" data-hover-bg-color=\"#0a0a0a\" data-hover-color=\"#ffffff\" >\n\t    <span class=\"qode-btn-text\">Passer le test de positionnement<\/span>\t<\/a>\n\n[\/vc_column][\/vc_row]<\/p>\n","protected":false},"excerpt":{"rendered":"<p>[vc_row css_animation=\u00a0\u00bb\u00a0\u00bb row_type=\u00a0\u00bbrow\u00a0\u00bb use_row_as_full_screen_section=\u00a0\u00bbno\u00a0\u00bb type=\u00a0\u00bbfull_width\u00a0\u00bb angled_section=\u00a0\u00bbno\u00a0\u00bb text_align=\u00a0\u00bbleft\u00a0\u00bb background_image_as_pattern=\u00a0\u00bbwithout_pattern\u00a0\u00bb z_index=\u00a0\u00bb5&Prime; css=\u00a0\u00bb.vc_custom_1559671034940{background-color: #d22020 !important;}\u00a0\u00bb][vc_column css=\u00a0\u00bb.vc_custom_1525095376667{margin-bottom: -3% !important;}\u00a0\u00bb][rev_slider_vc alias=\u00a0\u00bbfrance-home\u00a0\u00bb][qode_elements_holder number_of_columns=\u00a0\u00bbone_column\u00a0\u00bb][qode_elements_holder_item advanced_animations=\u00a0\u00bbno\u00a0\u00bb item_padding=\u00a0\u00bb46px 0 0 0&Prime; item_padding_1280_1440=\u00a0\u00bb29px 0 0 0&Prime; item_padding_1024_1280=\u00a0\u00bb29px 0 0 0&Prime; item_padding_768_1024=\u00a0\u00bb20px 0 0 0&Prime; item_padding_600_768=\u00a0\u00bb13px 0 0 0&Prime; item_padding_480_600=\u00a0\u00bb0 0 0 0&Prime; item_padding_480=\u00a0\u00bb0 0 0&#8230;<\/p>\n","protected":false},"author":1,"featured_media":0,"parent":0,"menu_order":0,"comment_status":"closed","ping_status":"closed","template":"full_width.php","meta":{"footnotes":""},"class_list":["post-4881","page","type-page","status-publish","hentry"],"yoast_head":"<!-- This site is optimized with the Yoast SEO plugin v24.2 - https:\/\/yoast.com\/wordpress\/plugins\/seo\/ -->\n<title>Cours d&#039;Espagnol \u00e0 Strasbourg | \u00c9cole Certifi\u00e9e Qualiopi<\/title>\n<meta name=\"description\" content=\"Vous cherchez des cours d\u2019espagnol \u00e0 Strasbourg de qualit\u00e9 ? Bienvenue \u00e0 ELE USAL Strasbourg, votre \u00e9cole d\u2019espagnol certifi\u00e9e Qualiopi !\" \/>\n<meta name=\"robots\" content=\"index, follow, max-snippet:-1, max-image-preview:large, max-video-preview:-1\" \/>\n<link rel=\"canonical\" href=\"https:\/\/strasbourg.eleusal.com\/fr\/\" \/>\n<meta property=\"og:locale\" content=\"fr_FR\" \/>\n<meta property=\"og:type\" content=\"article\" \/>\n<meta property=\"og:title\" content=\"Cours d&#039;Espagnol \u00e0 Strasbourg | \u00c9cole Certifi\u00e9e Qualiopi\" \/>\n<meta property=\"og:description\" content=\"Vous cherchez des cours d\u2019espagnol \u00e0 Strasbourg de qualit\u00e9 ? Bienvenue \u00e0 ELE USAL Strasbourg, votre \u00e9cole d\u2019espagnol certifi\u00e9e Qualiopi !\" \/>\n<meta property=\"og:url\" content=\"https:\/\/strasbourg.eleusal.com\/fr\/\" \/>\n<meta property=\"og:site_name\" content=\"ELE USAL Strasbourg\" \/>\n<meta property=\"article:publisher\" content=\"https:\/\/www.facebook.com\/StrasbourgELEUSAL\/\" \/>\n<meta property=\"article:modified_time\" content=\"2025-10-30T17:21:58+00:00\" \/>\n<meta property=\"og:image\" content=\"https:\/\/strasbourg.eleusal.com\/wp-content\/uploads\/sites\/29\/2024\/10\/Cours-espagnol-Strasbourg-Certification-Qualiopi-DELE-et-SIELE-1.jpg\" \/>\n<meta name=\"twitter:card\" content=\"summary_large_image\" \/>\n<meta name=\"twitter:site\" content=\"@StrasbourgEle\" \/>\n<meta name=\"twitter:label1\" content=\"Dur\u00e9e de lecture estim\u00e9e\" \/>\n\t<meta name=\"twitter:data1\" content=\"3 minutes\" \/>\n<script type=\"application\/ld+json\" class=\"yoast-schema-graph\">{\"@context\":\"https:\/\/schema.org\",\"@graph\":[{\"@type\":\"WebPage\",\"@id\":\"https:\/\/strasbourg.eleusal.com\/fr\/\",\"url\":\"https:\/\/strasbourg.eleusal.com\/fr\/\",\"name\":\"Cours d'Espagnol \u00e0 Strasbourg | \u00c9cole Certifi\u00e9e Qualiopi\",\"isPartOf\":{\"@id\":\"https:\/\/strasbourg.eleusal.com\/fr\/#website\"},\"primaryImageOfPage\":{\"@id\":\"https:\/\/strasbourg.eleusal.com\/fr\/#primaryimage\"},\"image\":{\"@id\":\"https:\/\/strasbourg.eleusal.com\/fr\/#primaryimage\"},\"thumbnailUrl\":\"https:\/\/strasbourg.eleusal.com\/wp-content\/uploads\/sites\/29\/2024\/10\/Cours-espagnol-Strasbourg-Certification-Qualiopi-DELE-et-SIELE-1.jpg\",\"datePublished\":\"2020-11-27T11:00:09+00:00\",\"dateModified\":\"2025-10-30T17:21:58+00:00\",\"description\":\"Vous cherchez des cours d\u2019espagnol \u00e0 Strasbourg de qualit\u00e9 ? Bienvenue \u00e0 ELE USAL Strasbourg, votre \u00e9cole d\u2019espagnol certifi\u00e9e Qualiopi !\",\"breadcrumb\":{\"@id\":\"https:\/\/strasbourg.eleusal.com\/fr\/#breadcrumb\"},\"inLanguage\":\"fr-FR\",\"potentialAction\":[{\"@type\":\"ReadAction\",\"target\":[\"https:\/\/strasbourg.eleusal.com\/fr\/\"]}]},{\"@type\":\"ImageObject\",\"inLanguage\":\"fr-FR\",\"@id\":\"https:\/\/strasbourg.eleusal.com\/fr\/#primaryimage\",\"url\":\"https:\/\/strasbourg.eleusal.com\/wp-content\/uploads\/sites\/29\/2024\/10\/Cours-espagnol-Strasbourg-Certification-Qualiopi-DELE-et-SIELE-1.jpg\",\"contentUrl\":\"https:\/\/strasbourg.eleusal.com\/wp-content\/uploads\/sites\/29\/2024\/10\/Cours-espagnol-Strasbourg-Certification-Qualiopi-DELE-et-SIELE-1.jpg\"},{\"@type\":\"BreadcrumbList\",\"@id\":\"https:\/\/strasbourg.eleusal.com\/fr\/#breadcrumb\",\"itemListElement\":[{\"@type\":\"ListItem\",\"position\":1,\"name\":\"Home\",\"item\":\"https:\/\/strasbourg.eleusal.com\/fr\/\"},{\"@type\":\"ListItem\",\"position\":2,\"name\":\"\u00c9cole d&#8217;espagnol \u00e0 Strasbourg\"}]},{\"@type\":\"WebSite\",\"@id\":\"https:\/\/strasbourg.eleusal.com\/fr\/#website\",\"url\":\"https:\/\/strasbourg.eleusal.com\/fr\/\",\"name\":\"ELE USAL Strasbourg\",\"description\":\"Institut de Langue Espagnole, apprentissage espagnol, Strasbourg\",\"publisher\":{\"@id\":\"https:\/\/strasbourg.eleusal.com\/fr\/#organization\"},\"potentialAction\":[{\"@type\":\"SearchAction\",\"target\":{\"@type\":\"EntryPoint\",\"urlTemplate\":\"https:\/\/strasbourg.eleusal.com\/fr\/?s={search_term_string}\"},\"query-input\":{\"@type\":\"PropertyValueSpecification\",\"valueRequired\":true,\"valueName\":\"search_term_string\"}}],\"inLanguage\":\"fr-FR\"},{\"@type\":\"Organization\",\"@id\":\"https:\/\/strasbourg.eleusal.com\/fr\/#organization\",\"name\":\"ELE USAL Strasbourg\",\"url\":\"https:\/\/strasbourg.eleusal.com\/fr\/\",\"logo\":{\"@type\":\"ImageObject\",\"inLanguage\":\"fr-FR\",\"@id\":\"https:\/\/strasbourg.eleusal.com\/fr\/#\/schema\/logo\/image\/\",\"url\":\"https:\/\/strasbourg.eleusal.com\/wp-content\/uploads\/sites\/29\/2025\/06\/ELE_Strasbourg_color-01.png\",\"contentUrl\":\"https:\/\/strasbourg.eleusal.com\/wp-content\/uploads\/sites\/29\/2025\/06\/ELE_Strasbourg_color-01.png\",\"width\":1772,\"height\":2480,\"caption\":\"ELE USAL Strasbourg\"},\"image\":{\"@id\":\"https:\/\/strasbourg.eleusal.com\/fr\/#\/schema\/logo\/image\/\"},\"sameAs\":[\"https:\/\/www.facebook.com\/StrasbourgELEUSAL\/\",\"https:\/\/x.com\/StrasbourgEle\",\"https:\/\/www.instagram.com\/eleusal_strasbourg\/\",\"https:\/\/www.linkedin.com\/company\/strasbourg-ele-usal\/\"]}]}<\/script>\n<!-- \/ Yoast SEO plugin. -->","yoast_head_json":{"title":"Cours d'Espagnol \u00e0 Strasbourg | \u00c9cole Certifi\u00e9e Qualiopi","description":"Vous cherchez des cours d\u2019espagnol \u00e0 Strasbourg de qualit\u00e9 ? Bienvenue \u00e0 ELE USAL Strasbourg, votre \u00e9cole d\u2019espagnol certifi\u00e9e Qualiopi !","robots":{"index":"index","follow":"follow","max-snippet":"max-snippet:-1","max-image-preview":"max-image-preview:large","max-video-preview":"max-video-preview:-1"},"canonical":"https:\/\/strasbourg.eleusal.com\/fr\/","og_locale":"fr_FR","og_type":"article","og_title":"Cours d'Espagnol \u00e0 Strasbourg | \u00c9cole Certifi\u00e9e Qualiopi","og_description":"Vous cherchez des cours d\u2019espagnol \u00e0 Strasbourg de qualit\u00e9 ? Bienvenue \u00e0 ELE USAL Strasbourg, votre \u00e9cole d\u2019espagnol certifi\u00e9e Qualiopi !","og_url":"https:\/\/strasbourg.eleusal.com\/fr\/","og_site_name":"ELE USAL Strasbourg","article_publisher":"https:\/\/www.facebook.com\/StrasbourgELEUSAL\/","article_modified_time":"2025-10-30T17:21:58+00:00","og_image":[{"url":"https:\/\/strasbourg.eleusal.com\/wp-content\/uploads\/sites\/29\/2024\/10\/Cours-espagnol-Strasbourg-Certification-Qualiopi-DELE-et-SIELE-1.jpg","type":"","width":"","height":""}],"twitter_card":"summary_large_image","twitter_site":"@StrasbourgEle","twitter_misc":{"Dur\u00e9e de lecture estim\u00e9e":"3 minutes"},"schema":{"@context":"https:\/\/schema.org","@graph":[{"@type":"WebPage","@id":"https:\/\/strasbourg.eleusal.com\/fr\/","url":"https:\/\/strasbourg.eleusal.com\/fr\/","name":"Cours d'Espagnol \u00e0 Strasbourg | \u00c9cole Certifi\u00e9e Qualiopi","isPartOf":{"@id":"https:\/\/strasbourg.eleusal.com\/fr\/#website"},"primaryImageOfPage":{"@id":"https:\/\/strasbourg.eleusal.com\/fr\/#primaryimage"},"image":{"@id":"https:\/\/strasbourg.eleusal.com\/fr\/#primaryimage"},"thumbnailUrl":"https:\/\/strasbourg.eleusal.com\/wp-content\/uploads\/sites\/29\/2024\/10\/Cours-espagnol-Strasbourg-Certification-Qualiopi-DELE-et-SIELE-1.jpg","datePublished":"2020-11-27T11:00:09+00:00","dateModified":"2025-10-30T17:21:58+00:00","description":"Vous cherchez des cours d\u2019espagnol \u00e0 Strasbourg de qualit\u00e9 ? Bienvenue \u00e0 ELE USAL Strasbourg, votre \u00e9cole d\u2019espagnol certifi\u00e9e Qualiopi !","breadcrumb":{"@id":"https:\/\/strasbourg.eleusal.com\/fr\/#breadcrumb"},"inLanguage":"fr-FR","potentialAction":[{"@type":"ReadAction","target":["https:\/\/strasbourg.eleusal.com\/fr\/"]}]},{"@type":"ImageObject","inLanguage":"fr-FR","@id":"https:\/\/strasbourg.eleusal.com\/fr\/#primaryimage","url":"https:\/\/strasbourg.eleusal.com\/wp-content\/uploads\/sites\/29\/2024\/10\/Cours-espagnol-Strasbourg-Certification-Qualiopi-DELE-et-SIELE-1.jpg","contentUrl":"https:\/\/strasbourg.eleusal.com\/wp-content\/uploads\/sites\/29\/2024\/10\/Cours-espagnol-Strasbourg-Certification-Qualiopi-DELE-et-SIELE-1.jpg"},{"@type":"BreadcrumbList","@id":"https:\/\/strasbourg.eleusal.com\/fr\/#breadcrumb","itemListElement":[{"@type":"ListItem","position":1,"name":"Home","item":"https:\/\/strasbourg.eleusal.com\/fr\/"},{"@type":"ListItem","position":2,"name":"\u00c9cole d&#8217;espagnol \u00e0 Strasbourg"}]},{"@type":"WebSite","@id":"https:\/\/strasbourg.eleusal.com\/fr\/#website","url":"https:\/\/strasbourg.eleusal.com\/fr\/","name":"ELE USAL Strasbourg","description":"Institut de Langue Espagnole, apprentissage espagnol, Strasbourg","publisher":{"@id":"https:\/\/strasbourg.eleusal.com\/fr\/#organization"},"potentialAction":[{"@type":"SearchAction","target":{"@type":"EntryPoint","urlTemplate":"https:\/\/strasbourg.eleusal.com\/fr\/?s={search_term_string}"},"query-input":{"@type":"PropertyValueSpecification","valueRequired":true,"valueName":"search_term_string"}}],"inLanguage":"fr-FR"},{"@type":"Organization","@id":"https:\/\/strasbourg.eleusal.com\/fr\/#organization","name":"ELE USAL Strasbourg","url":"https:\/\/strasbourg.eleusal.com\/fr\/","logo":{"@type":"ImageObject","inLanguage":"fr-FR","@id":"https:\/\/strasbourg.eleusal.com\/fr\/#\/schema\/logo\/image\/","url":"https:\/\/strasbourg.eleusal.com\/wp-content\/uploads\/sites\/29\/2025\/06\/ELE_Strasbourg_color-01.png","contentUrl":"https:\/\/strasbourg.eleusal.com\/wp-content\/uploads\/sites\/29\/2025\/06\/ELE_Strasbourg_color-01.png","width":1772,"height":2480,"caption":"ELE USAL Strasbourg"},"image":{"@id":"https:\/\/strasbourg.eleusal.com\/fr\/#\/schema\/logo\/image\/"},"sameAs":["https:\/\/www.facebook.com\/StrasbourgELEUSAL\/","https:\/\/x.com\/StrasbourgEle","https:\/\/www.instagram.com\/eleusal_strasbourg\/","https:\/\/www.linkedin.com\/company\/strasbourg-ele-usal\/"]}]}},"_links":{"self":[{"href":"https:\/\/strasbourg.eleusal.com\/fr\/wp-json\/wp\/v2\/pages\/4881","targetHints":{"allow":["GET"]}}],"collection":[{"href":"https:\/\/strasbourg.eleusal.com\/fr\/wp-json\/wp\/v2\/pages"}],"about":[{"href":"https:\/\/strasbourg.eleusal.com\/fr\/wp-json\/wp\/v2\/types\/page"}],"author":[{"embeddable":true,"href":"https:\/\/strasbourg.eleusal.com\/fr\/wp-json\/wp\/v2\/users\/1"}],"replies":[{"embeddable":true,"href":"https:\/\/strasbourg.eleusal.com\/fr\/wp-json\/wp\/v2\/comments?post=4881"}],"version-history":[{"count":83,"href":"https:\/\/strasbourg.eleusal.com\/fr\/wp-json\/wp\/v2\/pages\/4881\/revisions"}],"predecessor-version":[{"id":6157,"href":"https:\/\/strasbourg.eleusal.com\/fr\/wp-json\/wp\/v2\/pages\/4881\/revisions\/6157"}],"wp:attachment":[{"href":"https:\/\/strasbourg.eleusal.com\/fr\/wp-json\/wp\/v2\/media?parent=4881"}],"curies":[{"name":"wp","href":"https:\/\/api.w.org\/{rel}","templated":true}]}}